{"id":30,"date":"2020-09-22T10:08:02","date_gmt":"2020-09-22T13:08:02","guid":{"rendered":"https:\/\/aehg-laplata.org.ar\/nueva\/?page_id=30"},"modified":"2020-09-22T11:11:39","modified_gmt":"2020-09-22T14:11:39","slug":"novedades","status":"publish","type":"page","link":"https:\/\/aehg-laplata.org.ar\/nueva\/novedades\/","title":{"rendered":"Novedades"},"content":{"rendered":"<p>[vc_row][vc_column]<div class=\"clearboth\"><\/div><div class=\"gem-divider \" style=\"margin-top: 15px;\"><\/div><div class=\"timeline_new-wrapper\"><div class=\"timeline-new-line\"><\/div><div class=\"blog blog-style-timeline_new blog-style-timeline clearfix item-animation-move-up\" data-next-page=\"0\">\n<article id=\"post-2801\" class=\"item-animations-not-inited post-2801 post type-post status-publish format-standard has-post-thumbnail category-aehg\" data-post-date=\"Abr 2026\"> <div class=\"item-post-container\"> <div class=\"post-timeline-elements\"> <div class=\"pointer\"><div><span class=\"date\">30 Abr<\/span><span class=\"time\">10:52<\/span><\/div><\/div> <div class=\"pointer-right\"><div><span class=\"date\">30 Abr<\/span><span class=\"time\">10:52<\/span><\/div><\/div> <div class=\"timeline-date-title\" style=\"\">Abr 2026<\/div> <div class=\"timeline-date-title-right\" style=\"\">Abr 2026<\/div> <\/div> <div class=\"post-item clearfix\" style=\"\"> <svg class=\"wrap-style\" style=\"\"> <use xlink:href=\"https:\/\/aehg-laplata.org.ar\/nueva\/wp-content\/themes\/thegem\/css\/post-arrow.svg#dec-post-arrow\"><\/use> <\/svg> <svg class=\"wrap-style wrap-style-right\" style=\"\"> <use xlink:href=\"https:\/\/aehg-laplata.org.ar\/nueva\/wp-content\/themes\/thegem\/css\/post-arrow.svg#dec-post-arrow\"><\/use> <\/svg> <div class=\"post-image\"><div class=\"post-featured-content\"><a href=\"https:\/\/aehg-laplata.org.ar\/nueva\/la-aehg-la-plata-participo-de-la-expo-efi-el-principal-encuentro-economico-del-pais\/\"> <picture> <source srcset=\"https:\/\/aehg-laplata.org.ar\/nueva\/wp-content\/uploads\/La-AEHG-La-Plata-participo-de-la-Expo-EFI-1-thegem-blog-timeline-large.jpg 1x, https:\/\/aehg-laplata.org.ar\/nueva\/wp-content\/uploads\/La-AEHG-La-Plata-participo-de-la-Expo-EFI-1-thegem-blog-timeline-large.jpg 2x\" media=\"(max-width: 768px)\" sizes=\"100vw\"> <source srcset=\"https:\/\/aehg-laplata.org.ar\/nueva\/wp-content\/uploads\/La-AEHG-La-Plata-participo-de-la-Expo-EFI-1-thegem-blog-timeline-small.jpg 1x, https:\/\/aehg-laplata.org.ar\/nueva\/wp-content\/uploads\/La-AEHG-La-Plata-participo-de-la-Expo-EFI-1-thegem-blog-timeline-large.jpg 2x\" media=\"(max-width: 1050px)\" sizes=\"100vw\"> <source srcset=\"https:\/\/aehg-laplata.org.ar\/nueva\/wp-content\/uploads\/La-AEHG-La-Plata-participo-de-la-Expo-EFI-1-thegem-blog-timeline.jpg 1x, https:\/\/aehg-laplata.org.ar\/nueva\/wp-content\/uploads\/La-AEHG-La-Plata-participo-de-la-Expo-EFI-1-thegem-blog-timeline-large.jpg 2x\" media=\"(max-width: 1920px)\" sizes=\"100vw\"> <img src=\"https:\/\/aehg-laplata.org.ar\/nueva\/wp-content\/uploads\/La-AEHG-La-Plata-participo-de-la-Expo-EFI-1-thegem-blog-default-large.jpg\" width=\"1067\" height=\"540\" class=\"img-responsive\" alt=\"La AEHG La Plata particip\u00f3 de la Expo EFI 1\" \/> <\/picture> <\/a><\/div><\/div> <div class=\"post-text-wrap\"> <div class=\"post-meta date-color\"> <div class=\"entry-meta clearfix gem-post-date\"> <div class=\"post-meta-left\"> <\/div> <div class=\"post-meta-right\"> <\/div> <\/div><!-- .entry-meta --> <\/div> <div class=\"post-title\"><h3 class=\"entry-title\"><a href=\"https:\/\/aehg-laplata.org.ar\/nueva\/la-aehg-la-plata-participo-de-la-expo-efi-el-principal-encuentro-economico-del-pais\/\" rel=\"bookmark\">La AEHG La Plata particip\u00f3 de la Expo EFI, el principal encuentro econ\u00f3mico del pa\u00eds<\/a><\/h3><\/div> <div class=\"post-content\"> <div class=\"summary\"> <p>[vc_row][vc_column][vc_column_text] La AEHG La Plata particip\u00f3 de la Expo EFI, el principal encuentro econ\u00f3mico del pa\u00eds [\/vc_column_text][\/vc_column][\/vc_row][vc_row][vc_column css=&#8221;.vc_custom_1457772902902{margin-top: -10px !important;}&#8221;][vc_column_text]La&#8230;<\/p> <\/div> <\/div> <div class=\"post-misc\"> <div class=\"post-links\"> <div class=\"post-footer-sharing\"><div class=\"gem-button-container gem-button-position-inline thegem-button-69f57073432c32236\" ><a class=\"gem-button gem-button-size-tiny gem-button-style-flat gem-button-text-weight-normal gem-button-empty\" style=\"border-radius: 3px;\" onmouseleave=\"\" onmouseenter=\"\" href=\"#\" target=\"_self\"><i class=\"gem-print-icon gem-icon-pack-thegem-icons gem-icon-share \"><\/i><\/a><\/div> <div class=\"sharing-popup\">\n<div class=\"socials-sharing socials socials-colored-hover\"> <a class=\"socials-item\" target=\"_blank\" href=\"https:\/\/www.facebook.com\/sharer\/sharer.php?u=https%3A%2F%2Faehg-laplata.org.ar%2Fnueva%2Fla-aehg-la-plata-participo-de-la-expo-efi-el-principal-encuentro-economico-del-pais%2F\" title=\"Facebook\"><i class=\"socials-item-icon facebook\"><\/i><\/a> <a class=\"socials-item\" target=\"_blank\" href=\"https:\/\/twitter.com\/intent\/tweet?text=La+AEHG+La+Plata+particip%C3%B3+de+la+Expo+EFI%2C+el+principal+encuentro+econ%C3%B3mico+del+pa%C3%ADs&#038;url=https%3A%2F%2Faehg-laplata.org.ar%2Fnueva%2Fla-aehg-la-plata-participo-de-la-expo-efi-el-principal-encuentro-economico-del-pais%2F\" title=\"Twitter\"><i class=\"socials-item-icon twitter\"><\/i><\/a> <a class=\"socials-item\" target=\"_blank\" href=\"https:\/\/pinterest.com\/pin\/create\/button\/?url=https%3A%2F%2Faehg-laplata.org.ar%2Fnueva%2Fla-aehg-la-plata-participo-de-la-expo-efi-el-principal-encuentro-economico-del-pais%2F&#038;description=La+AEHG+La+Plata+particip%C3%B3+de+la+Expo+EFI%2C+el+principal+encuentro+econ%C3%B3mico+del+pa%C3%ADs&#038;media=https%3A%2F%2Faehg-laplata.org.ar%2Fnueva%2Fwp-content%2Fuploads%2FLa-AEHG-La-Plata-participo-de-la-Expo-EFI-1-thegem-blog-timeline-large.jpg\" title=\"Pinterest\"><i class=\"socials-item-icon pinterest\"><\/i><\/a> <a class=\"socials-item\" target=\"_blank\" href=\"http:\/\/tumblr.com\/widgets\/share\/tool?canonicalUrl=https%3A%2F%2Faehg-laplata.org.ar%2Fnueva%2Fla-aehg-la-plata-participo-de-la-expo-efi-el-principal-encuentro-economico-del-pais%2F\" title=\"Tumblr\"><i class=\"socials-item-icon tumblr\"><\/i><\/a> <a class=\"socials-item\" target=\"_blank\" href=\"https:\/\/www.linkedin.com\/shareArticle?mini=true&#038;url=https%3A%2F%2Faehg-laplata.org.ar%2Fnueva%2Fla-aehg-la-plata-participo-de-la-expo-efi-el-principal-encuentro-economico-del-pais%2F&#038;title=La+AEHG+La+Plata+particip%C3%B3+de+la+Expo+EFI%2C+el+principal+encuentro+econ%C3%B3mico+del+pa%C3%ADs&amp;summary=%5Bvc_row%5D%5Bvc_column%5D%5Bvc_column_text%5D+La+AEHG+La+Plata+particip%C3%B3+de+la+Expo+EFI%2C+el+principal+encuentro+econ%C3%B3mico+del+pa%C3%ADs+%5B%2Fvc_column_text%5D%5B%2Fvc_column%5D%5B%2Fvc_row%5D%5Bvc_row%5D%5Bvc_column+css%3D%26%238221%3B.vc_custom_1457772902902%7Bmargin-top%3A+-10px+%21important%3B%7D%26%238221%3B%5D%5Bvc_column_text%5DLa...\" title=\"LinkedIn\"><i class=\"socials-item-icon linkedin\"><\/i><\/a> <a class=\"socials-item\" target=\"_blank\" href=\"https:\/\/www.reddit.com\/submit?url=https%3A%2F%2Faehg-laplata.org.ar%2Fnueva%2Fla-aehg-la-plata-participo-de-la-expo-efi-el-principal-encuentro-economico-del-pais%2F&#038;title=La+AEHG+La+Plata+particip%C3%B3+de+la+Expo+EFI%2C+el+principal+encuentro+econ%C3%B3mico+del+pa%C3%ADs\" title=\"Reddit\"><i class=\"socials-item-icon reddit\"><\/i><\/a>\n<\/div>\n<svg class=\"sharing-styled-arrow\"><use xlink:href=\"https:\/\/aehg-laplata.org.ar\/nueva\/wp-content\/themes\/thegem\/css\/post-arrow.svg#dec-post-arrow\"><\/use><\/svg><\/div><\/div> <div class=\"post-read-more\"><div class=\"gem-button-container gem-button-position-inline thegem-button-69f570734382a5455\" ><a class=\"gem-button gem-button-size-tiny gem-button-style-outline gem-button-text-weight-normal gem-button-border-2\" style=\"border-radius: 3px;\" onmouseleave=\"\" onmouseenter=\"\" href=\"https:\/\/aehg-laplata.org.ar\/nueva\/la-aehg-la-plata-participo-de-la-expo-efi-el-principal-encuentro-economico-del-pais\/\" target=\"_self\">Leer M\u00e1s<\/a><\/div> <\/div> <\/div> <\/div> <\/div> <\/div> <\/div>\n<\/article><!-- #post-2801 --> <article id=\"post-2794\" class=\"item-animations-not-inited post-2794 post type-post status-publish format-standard has-post-thumbnail category-aehg\" data-post-date=\"Abr 2026\"> <div class=\"item-post-container\"> <div class=\"post-timeline-elements\"> <div class=\"pointer\"><div><span class=\"date\">28 Abr<\/span><span class=\"time\">13:44<\/span><\/div><\/div> <div class=\"pointer-right\"><div><span class=\"date\">28 Abr<\/span><span class=\"time\">13:44<\/span><\/div><\/div> <\/div> <div class=\"post-item clearfix\" style=\"\"> <svg class=\"wrap-style\" style=\"\"> <use xlink:href=\"https:\/\/aehg-laplata.org.ar\/nueva\/wp-content\/themes\/thegem\/css\/post-arrow.svg#dec-post-arrow\"><\/use> <\/svg> <svg class=\"wrap-style wrap-style-right\" style=\"\"> <use xlink:href=\"https:\/\/aehg-laplata.org.ar\/nueva\/wp-content\/themes\/thegem\/css\/post-arrow.svg#dec-post-arrow\"><\/use> <\/svg> <div class=\"post-image\"><div class=\"post-featured-content\"><a href=\"https:\/\/aehg-laplata.org.ar\/nueva\/la-aehg-la-plata-llevo-adelante-una-capacitacion-para-chascomus-y-saladillo\/\"> <picture> <source srcset=\"https:\/\/aehg-laplata.org.ar\/nueva\/wp-content\/uploads\/La-AEHG-La-Plata-llevo-adelante-una-capacitacion-para-Chascomus-y-Saladillo-1-thegem-blog-timeline-large.jpg 1x, https:\/\/aehg-laplata.org.ar\/nueva\/wp-content\/uploads\/La-AEHG-La-Plata-llevo-adelante-una-capacitacion-para-Chascomus-y-Saladillo-1-thegem-blog-timeline-large.jpg 2x\" media=\"(max-width: 768px)\" sizes=\"100vw\"> <source srcset=\"https:\/\/aehg-laplata.org.ar\/nueva\/wp-content\/uploads\/La-AEHG-La-Plata-llevo-adelante-una-capacitacion-para-Chascomus-y-Saladillo-1-thegem-blog-timeline-small.jpg 1x, https:\/\/aehg-laplata.org.ar\/nueva\/wp-content\/uploads\/La-AEHG-La-Plata-llevo-adelante-una-capacitacion-para-Chascomus-y-Saladillo-1-thegem-blog-timeline-large.jpg 2x\" media=\"(max-width: 1050px)\" sizes=\"100vw\"> <source srcset=\"https:\/\/aehg-laplata.org.ar\/nueva\/wp-content\/uploads\/La-AEHG-La-Plata-llevo-adelante-una-capacitacion-para-Chascomus-y-Saladillo-1-thegem-blog-timeline.jpg 1x, https:\/\/aehg-laplata.org.ar\/nueva\/wp-content\/uploads\/La-AEHG-La-Plata-llevo-adelante-una-capacitacion-para-Chascomus-y-Saladillo-1-thegem-blog-timeline-large.jpg 2x\" media=\"(max-width: 1920px)\" sizes=\"100vw\"> <img src=\"https:\/\/aehg-laplata.org.ar\/nueva\/wp-content\/uploads\/La-AEHG-La-Plata-llevo-adelante-una-capacitacion-para-Chascomus-y-Saladillo-1-thegem-blog-default-large.jpg\" width=\"1170\" height=\"540\" class=\"img-responsive\" alt=\"La AEHG La Plata llev\u00f3 adelante una capacitaci\u00f3n para Chascom\u00fas y Saladillo 1\" \/> <\/picture> <\/a><\/div><\/div> <div class=\"post-text-wrap\"> <div class=\"post-meta date-color\"> <div class=\"entry-meta clearfix gem-post-date\"> <div class=\"post-meta-left\"> <\/div> <div class=\"post-meta-right\"> <\/div> <\/div><!-- .entry-meta --> <\/div> <div class=\"post-title\"><h3 class=\"entry-title\"><a href=\"https:\/\/aehg-laplata.org.ar\/nueva\/la-aehg-la-plata-llevo-adelante-una-capacitacion-para-chascomus-y-saladillo\/\" rel=\"bookmark\">La AEHG La Plata llev\u00f3 adelante una capacitaci\u00f3n para Chascom\u00fas y Saladillo<\/a><\/h3><\/div> <div class=\"post-content\"> <div class=\"summary\"> <p>[vc_row][vc_column][vc_column_text] La AEHG La Plata llev\u00f3 adelante una capacitaci\u00f3n para Chascom\u00fas y Saladillo [\/vc_column_text][\/vc_column][\/vc_row][vc_row][vc_column css=&#8221;.vc_custom_1457772902902{margin-top: -10px !important;}&#8221;][vc_column_text]M\u00e1s de 35 asistentes&#8230;<\/p> <\/div> <\/div> <div class=\"post-misc\"> <div class=\"post-links\"> <div class=\"post-footer-sharing\"><div class=\"gem-button-container gem-button-position-inline thegem-button-69f57073478e45936\" ><a class=\"gem-button gem-button-size-tiny gem-button-style-flat gem-button-text-weight-normal gem-button-empty\" style=\"border-radius: 3px;\" onmouseleave=\"\" onmouseenter=\"\" href=\"#\" target=\"_self\"><i class=\"gem-print-icon gem-icon-pack-thegem-icons gem-icon-share \"><\/i><\/a><\/div> <div class=\"sharing-popup\">\n<div class=\"socials-sharing socials socials-colored-hover\"> <a class=\"socials-item\" target=\"_blank\" href=\"https:\/\/www.facebook.com\/sharer\/sharer.php?u=https%3A%2F%2Faehg-laplata.org.ar%2Fnueva%2Fla-aehg-la-plata-llevo-adelante-una-capacitacion-para-chascomus-y-saladillo%2F\" title=\"Facebook\"><i class=\"socials-item-icon facebook\"><\/i><\/a> <a class=\"socials-item\" target=\"_blank\" href=\"https:\/\/twitter.com\/intent\/tweet?text=La+AEHG+La+Plata+llev%C3%B3+adelante+una+capacitaci%C3%B3n+para+Chascom%C3%BAs+y+Saladillo&#038;url=https%3A%2F%2Faehg-laplata.org.ar%2Fnueva%2Fla-aehg-la-plata-llevo-adelante-una-capacitacion-para-chascomus-y-saladillo%2F\" title=\"Twitter\"><i class=\"socials-item-icon twitter\"><\/i><\/a> <a class=\"socials-item\" target=\"_blank\" href=\"https:\/\/pinterest.com\/pin\/create\/button\/?url=https%3A%2F%2Faehg-laplata.org.ar%2Fnueva%2Fla-aehg-la-plata-llevo-adelante-una-capacitacion-para-chascomus-y-saladillo%2F&#038;description=La+AEHG+La+Plata+llev%C3%B3+adelante+una+capacitaci%C3%B3n+para+Chascom%C3%BAs+y+Saladillo&#038;media=https%3A%2F%2Faehg-laplata.org.ar%2Fnueva%2Fwp-content%2Fuploads%2FLa-AEHG-La-Plata-llevo-adelante-una-capacitacion-para-Chascomus-y-Saladillo-1-thegem-blog-timeline-large.jpg\" title=\"Pinterest\"><i class=\"socials-item-icon pinterest\"><\/i><\/a> <a class=\"socials-item\" target=\"_blank\" href=\"http:\/\/tumblr.com\/widgets\/share\/tool?canonicalUrl=https%3A%2F%2Faehg-laplata.org.ar%2Fnueva%2Fla-aehg-la-plata-llevo-adelante-una-capacitacion-para-chascomus-y-saladillo%2F\" title=\"Tumblr\"><i class=\"socials-item-icon tumblr\"><\/i><\/a> <a class=\"socials-item\" target=\"_blank\" href=\"https:\/\/www.linkedin.com\/shareArticle?mini=true&#038;url=https%3A%2F%2Faehg-laplata.org.ar%2Fnueva%2Fla-aehg-la-plata-llevo-adelante-una-capacitacion-para-chascomus-y-saladillo%2F&#038;title=La+AEHG+La+Plata+llev%C3%B3+adelante+una+capacitaci%C3%B3n+para+Chascom%C3%BAs+y+Saladillo&amp;summary=%5Bvc_row%5D%5Bvc_column%5D%5Bvc_column_text%5D+La+AEHG+La+Plata+llev%C3%B3+adelante+una+capacitaci%C3%B3n+para+Chascom%C3%BAs+y+Saladillo+%5B%2Fvc_column_text%5D%5B%2Fvc_column%5D%5B%2Fvc_row%5D%5Bvc_row%5D%5Bvc_column+css%3D%26%238221%3B.vc_custom_1457772902902%7Bmargin-top%3A+-10px+%21important%3B%7D%26%238221%3B%5D%5Bvc_column_text%5DM%C3%A1s+de+35+asistentes...\" title=\"LinkedIn\"><i class=\"socials-item-icon linkedin\"><\/i><\/a> <a class=\"socials-item\" target=\"_blank\" href=\"https:\/\/www.reddit.com\/submit?url=https%3A%2F%2Faehg-laplata.org.ar%2Fnueva%2Fla-aehg-la-plata-llevo-adelante-una-capacitacion-para-chascomus-y-saladillo%2F&#038;title=La+AEHG+La+Plata+llev%C3%B3+adelante+una+capacitaci%C3%B3n+para+Chascom%C3%BAs+y+Saladillo\" title=\"Reddit\"><i class=\"socials-item-icon reddit\"><\/i><\/a>\n<\/div>\n<svg class=\"sharing-styled-arrow\"><use xlink:href=\"https:\/\/aehg-laplata.org.ar\/nueva\/wp-content\/themes\/thegem\/css\/post-arrow.svg#dec-post-arrow\"><\/use><\/svg><\/div><\/div> <div class=\"post-read-more\"><div class=\"gem-button-container gem-button-position-inline thegem-button-69f5707347f058765\" ><a class=\"gem-button gem-button-size-tiny gem-button-style-outline gem-button-text-weight-normal gem-button-border-2\" style=\"border-radius: 3px;\" onmouseleave=\"\" onmouseenter=\"\" href=\"https:\/\/aehg-laplata.org.ar\/nueva\/la-aehg-la-plata-llevo-adelante-una-capacitacion-para-chascomus-y-saladillo\/\" target=\"_self\">Leer M\u00e1s<\/a><\/div> <\/div> <\/div> <\/div> <\/div> <\/div> <\/div>\n<\/article><!-- #post-2794 --> <article id=\"post-2792\" class=\"item-animations-not-inited post-2792 post type-post status-publish format-standard has-post-thumbnail category-aehg\" data-post-date=\"Abr 2026\"> <div class=\"item-post-container\"> <div class=\"post-timeline-elements\"> <div class=\"pointer\"><div><span class=\"date\">28 Abr<\/span><span class=\"time\">09:43<\/span><\/div><\/div> <div class=\"pointer-right\"><div><span class=\"date\">28 Abr<\/span><span class=\"time\">09:43<\/span><\/div><\/div> <\/div> <div class=\"post-item clearfix\" style=\"\"> <svg class=\"wrap-style\" style=\"\"> <use xlink:href=\"https:\/\/aehg-laplata.org.ar\/nueva\/wp-content\/themes\/thegem\/css\/post-arrow.svg#dec-post-arrow\"><\/use> <\/svg> <svg class=\"wrap-style wrap-style-right\" style=\"\"> <use xlink:href=\"https:\/\/aehg-laplata.org.ar\/nueva\/wp-content\/themes\/thegem\/css\/post-arrow.svg#dec-post-arrow\"><\/use> <\/svg> <div class=\"post-image\"><div class=\"post-featured-content\"><a href=\"https:\/\/aehg-laplata.org.ar\/nueva\/la-aehg-la-plata-fortalece-el-desarrollo-turistico-gastronomico-en-mercedes-de-cara-a-sus-eventos-emblematicos\/\"> <picture> <source srcset=\"https:\/\/aehg-laplata.org.ar\/nueva\/wp-content\/uploads\/La-AEHG-La-Plata-fortalece-el-desarrollo-turistico-gastronomico-en-Mercedes-de-cara-a-sus-eventos-emblematicos-thegem-blog-timeline-large.jpg 1x, https:\/\/aehg-laplata.org.ar\/nueva\/wp-content\/uploads\/La-AEHG-La-Plata-fortalece-el-desarrollo-turistico-gastronomico-en-Mercedes-de-cara-a-sus-eventos-emblematicos-thegem-blog-timeline-large.jpg 2x\" media=\"(max-width: 768px)\" sizes=\"100vw\"> <source srcset=\"https:\/\/aehg-laplata.org.ar\/nueva\/wp-content\/uploads\/La-AEHG-La-Plata-fortalece-el-desarrollo-turistico-gastronomico-en-Mercedes-de-cara-a-sus-eventos-emblematicos-thegem-blog-timeline-small.jpg 1x, https:\/\/aehg-laplata.org.ar\/nueva\/wp-content\/uploads\/La-AEHG-La-Plata-fortalece-el-desarrollo-turistico-gastronomico-en-Mercedes-de-cara-a-sus-eventos-emblematicos-thegem-blog-timeline-large.jpg 2x\" media=\"(max-width: 1050px)\" sizes=\"100vw\"> <source srcset=\"https:\/\/aehg-laplata.org.ar\/nueva\/wp-content\/uploads\/La-AEHG-La-Plata-fortalece-el-desarrollo-turistico-gastronomico-en-Mercedes-de-cara-a-sus-eventos-emblematicos-thegem-blog-timeline.jpg 1x, https:\/\/aehg-laplata.org.ar\/nueva\/wp-content\/uploads\/La-AEHG-La-Plata-fortalece-el-desarrollo-turistico-gastronomico-en-Mercedes-de-cara-a-sus-eventos-emblematicos-thegem-blog-timeline-large.jpg 2x\" media=\"(max-width: 1920px)\" sizes=\"100vw\"> <img src=\"https:\/\/aehg-laplata.org.ar\/nueva\/wp-content\/uploads\/La-AEHG-La-Plata-fortalece-el-desarrollo-turistico-gastronomico-en-Mercedes-de-cara-a-sus-eventos-emblematicos-thegem-blog-default-large.jpg\" width=\"1067\" height=\"540\" class=\"img-responsive\" alt=\"La AEHG La Plata fortalece el desarrollo tur\u00edstico-gastron\u00f3mico en Mercedes de cara a sus eventos emblem\u00e1ticos\" \/> <\/picture> <\/a><\/div><\/div> <div class=\"post-text-wrap\"> <div class=\"post-meta date-color\"> <div class=\"entry-meta clearfix gem-post-date\"> <div class=\"post-meta-left\"> <\/div> <div class=\"post-meta-right\"> <\/div> <\/div><!-- .entry-meta --> <\/div> <div class=\"post-title\"><h3 class=\"entry-title\"><a href=\"https:\/\/aehg-laplata.org.ar\/nueva\/la-aehg-la-plata-fortalece-el-desarrollo-turistico-gastronomico-en-mercedes-de-cara-a-sus-eventos-emblematicos\/\" rel=\"bookmark\">La AEHG La Plata fortalece el desarrollo tur\u00edstico-gastron\u00f3mico en Mercedes de cara a sus eventos emblem\u00e1ticos<\/a><\/h3><\/div> <div class=\"post-content\"> <div class=\"summary\"> <p>[vc_row][vc_column][vc_column_text] La AEHG La Plata fortalece el desarrollo tur\u00edstico-gastron\u00f3mico en Mercedes de cara a sus eventos emblem\u00e1ticos [\/vc_column_text][\/vc_column][\/vc_row][vc_row][vc_column css=&#8221;.vc_custom_1457772902902{margin-top: -10px&#8230;<\/p> <\/div> <\/div> <div class=\"post-misc\"> <div class=\"post-links\"> <div class=\"post-footer-sharing\"><div class=\"gem-button-container gem-button-position-inline thegem-button-69f570734cbd76257\" ><a class=\"gem-button gem-button-size-tiny gem-button-style-flat gem-button-text-weight-normal gem-button-empty\" style=\"border-radius: 3px;\" onmouseleave=\"\" onmouseenter=\"\" href=\"#\" target=\"_self\"><i class=\"gem-print-icon gem-icon-pack-thegem-icons gem-icon-share \"><\/i><\/a><\/div> <div class=\"sharing-popup\">\n<div class=\"socials-sharing socials socials-colored-hover\"> <a class=\"socials-item\" target=\"_blank\" href=\"https:\/\/www.facebook.com\/sharer\/sharer.php?u=https%3A%2F%2Faehg-laplata.org.ar%2Fnueva%2Fla-aehg-la-plata-fortalece-el-desarrollo-turistico-gastronomico-en-mercedes-de-cara-a-sus-eventos-emblematicos%2F\" title=\"Facebook\"><i class=\"socials-item-icon facebook\"><\/i><\/a> <a class=\"socials-item\" target=\"_blank\" href=\"https:\/\/twitter.com\/intent\/tweet?text=La+AEHG+La+Plata+fortalece+el+desarrollo+tur%C3%ADstico-gastron%C3%B3mico+en+Mercedes+de+cara+a+sus+eventos+emblem%C3%A1ticos&#038;url=https%3A%2F%2Faehg-laplata.org.ar%2Fnueva%2Fla-aehg-la-plata-fortalece-el-desarrollo-turistico-gastronomico-en-mercedes-de-cara-a-sus-eventos-emblematicos%2F\" title=\"Twitter\"><i class=\"socials-item-icon twitter\"><\/i><\/a> <a class=\"socials-item\" target=\"_blank\" href=\"https:\/\/pinterest.com\/pin\/create\/button\/?url=https%3A%2F%2Faehg-laplata.org.ar%2Fnueva%2Fla-aehg-la-plata-fortalece-el-desarrollo-turistico-gastronomico-en-mercedes-de-cara-a-sus-eventos-emblematicos%2F&#038;description=La+AEHG+La+Plata+fortalece+el+desarrollo+tur%C3%ADstico-gastron%C3%B3mico+en+Mercedes+de+cara+a+sus+eventos+emblem%C3%A1ticos&#038;media=https%3A%2F%2Faehg-laplata.org.ar%2Fnueva%2Fwp-content%2Fuploads%2FLa-AEHG-La-Plata-fortalece-el-desarrollo-turistico-gastronomico-en-Mercedes-de-cara-a-sus-eventos-emblematicos-thegem-blog-timeline-large.jpg\" title=\"Pinterest\"><i class=\"socials-item-icon pinterest\"><\/i><\/a> <a class=\"socials-item\" target=\"_blank\" href=\"http:\/\/tumblr.com\/widgets\/share\/tool?canonicalUrl=https%3A%2F%2Faehg-laplata.org.ar%2Fnueva%2Fla-aehg-la-plata-fortalece-el-desarrollo-turistico-gastronomico-en-mercedes-de-cara-a-sus-eventos-emblematicos%2F\" title=\"Tumblr\"><i class=\"socials-item-icon tumblr\"><\/i><\/a> <a class=\"socials-item\" target=\"_blank\" href=\"https:\/\/www.linkedin.com\/shareArticle?mini=true&#038;url=https%3A%2F%2Faehg-laplata.org.ar%2Fnueva%2Fla-aehg-la-plata-fortalece-el-desarrollo-turistico-gastronomico-en-mercedes-de-cara-a-sus-eventos-emblematicos%2F&#038;title=La+AEHG+La+Plata+fortalece+el+desarrollo+tur%C3%ADstico-gastron%C3%B3mico+en+Mercedes+de+cara+a+sus+eventos+emblem%C3%A1ticos&amp;summary=%5Bvc_row%5D%5Bvc_column%5D%5Bvc_column_text%5D+La+AEHG+La+Plata+fortalece+el+desarrollo+tur%C3%ADstico-gastron%C3%B3mico+en+Mercedes+de+cara+a+sus+eventos+emblem%C3%A1ticos+%5B%2Fvc_column_text%5D%5B%2Fvc_column%5D%5B%2Fvc_row%5D%5Bvc_row%5D%5Bvc_column+css%3D%26%238221%3B.vc_custom_1457772902902%7Bmargin-top%3A+-10px...\" title=\"LinkedIn\"><i class=\"socials-item-icon linkedin\"><\/i><\/a> <a class=\"socials-item\" target=\"_blank\" href=\"https:\/\/www.reddit.com\/submit?url=https%3A%2F%2Faehg-laplata.org.ar%2Fnueva%2Fla-aehg-la-plata-fortalece-el-desarrollo-turistico-gastronomico-en-mercedes-de-cara-a-sus-eventos-emblematicos%2F&#038;title=La+AEHG+La+Plata+fortalece+el+desarrollo+tur%C3%ADstico-gastron%C3%B3mico+en+Mercedes+de+cara+a+sus+eventos+emblem%C3%A1ticos\" title=\"Reddit\"><i class=\"socials-item-icon reddit\"><\/i><\/a>\n<\/div>\n<svg class=\"sharing-styled-arrow\"><use xlink:href=\"https:\/\/aehg-laplata.org.ar\/nueva\/wp-content\/themes\/thegem\/css\/post-arrow.svg#dec-post-arrow\"><\/use><\/svg><\/div><\/div> <div class=\"post-read-more\"><div class=\"gem-button-container gem-button-position-inline thegem-button-69f570734d3ca4933\" ><a class=\"gem-button gem-button-size-tiny gem-button-style-outline gem-button-text-weight-normal gem-button-border-2\" style=\"border-radius: 3px;\" onmouseleave=\"\" onmouseenter=\"\" href=\"https:\/\/aehg-laplata.org.ar\/nueva\/la-aehg-la-plata-fortalece-el-desarrollo-turistico-gastronomico-en-mercedes-de-cara-a-sus-eventos-emblematicos\/\" target=\"_self\">Leer M\u00e1s<\/a><\/div> <\/div> <\/div> <\/div> <\/div> <\/div> <\/div>\n<\/article><!-- #post-2792 --> <article id=\"post-2789\" class=\"item-animations-not-inited post-2789 post type-post status-publish format-standard has-post-thumbnail category-aehg\" data-post-date=\"Abr 2026\"> <div class=\"item-post-container\"> <div class=\"post-timeline-elements\"> <div class=\"pointer\"><div><span class=\"date\">28 Abr<\/span><span class=\"time\">07:37<\/span><\/div><\/div> <div class=\"pointer-right\"><div><span class=\"date\">28 Abr<\/span><span class=\"time\">07:37<\/span><\/div><\/div> <\/div> <div class=\"post-item clearfix\" style=\"\"> <svg class=\"wrap-style\" style=\"\"> <use xlink:href=\"https:\/\/aehg-laplata.org.ar\/nueva\/wp-content\/themes\/thegem\/css\/post-arrow.svg#dec-post-arrow\"><\/use> <\/svg> <svg class=\"wrap-style wrap-style-right\" style=\"\"> <use xlink:href=\"https:\/\/aehg-laplata.org.ar\/nueva\/wp-content\/themes\/thegem\/css\/post-arrow.svg#dec-post-arrow\"><\/use> <\/svg> <div class=\"post-image\"><div class=\"post-featured-content\"><a href=\"https:\/\/aehg-laplata.org.ar\/nueva\/la-aehg-la-plata-participo-de-la-reunion-regional-de-fehgra-en-mar-del-plata\/\"> <picture> <source srcset=\"https:\/\/aehg-laplata.org.ar\/nueva\/wp-content\/uploads\/La-AEHG-La-Plata-participo-de-la-Reunion-Regional-de-FEHGRA-en-Mar-del-Plata-thegem-blog-timeline-large.jpg 1x, https:\/\/aehg-laplata.org.ar\/nueva\/wp-content\/uploads\/La-AEHG-La-Plata-participo-de-la-Reunion-Regional-de-FEHGRA-en-Mar-del-Plata-thegem-blog-timeline-large.jpg 2x\" media=\"(max-width: 768px)\" sizes=\"100vw\"> <source srcset=\"https:\/\/aehg-laplata.org.ar\/nueva\/wp-content\/uploads\/La-AEHG-La-Plata-participo-de-la-Reunion-Regional-de-FEHGRA-en-Mar-del-Plata-thegem-blog-timeline-small.jpg 1x, https:\/\/aehg-laplata.org.ar\/nueva\/wp-content\/uploads\/La-AEHG-La-Plata-participo-de-la-Reunion-Regional-de-FEHGRA-en-Mar-del-Plata-thegem-blog-timeline-large.jpg 2x\" media=\"(max-width: 1050px)\" sizes=\"100vw\"> <source srcset=\"https:\/\/aehg-laplata.org.ar\/nueva\/wp-content\/uploads\/La-AEHG-La-Plata-participo-de-la-Reunion-Regional-de-FEHGRA-en-Mar-del-Plata-thegem-blog-timeline.jpg 1x, https:\/\/aehg-laplata.org.ar\/nueva\/wp-content\/uploads\/La-AEHG-La-Plata-participo-de-la-Reunion-Regional-de-FEHGRA-en-Mar-del-Plata-thegem-blog-timeline-large.jpg 2x\" media=\"(max-width: 1920px)\" sizes=\"100vw\"> <img src=\"https:\/\/aehg-laplata.org.ar\/nueva\/wp-content\/uploads\/La-AEHG-La-Plata-participo-de-la-Reunion-Regional-de-FEHGRA-en-Mar-del-Plata-thegem-blog-default-large.jpg\" width=\"1170\" height=\"540\" class=\"img-responsive\" alt=\"La AEHG La Plata particip\u00f3 de la Reuni\u00f3n Regional de FEHGRA en Mar del Plata\" \/> <\/picture> <\/a><\/div><\/div> <div class=\"post-text-wrap\"> <div class=\"post-meta date-color\"> <div class=\"entry-meta clearfix gem-post-date\"> <div class=\"post-meta-left\"> <\/div> <div class=\"post-meta-right\"> <\/div> <\/div><!-- .entry-meta --> <\/div> <div class=\"post-title\"><h3 class=\"entry-title\"><a href=\"https:\/\/aehg-laplata.org.ar\/nueva\/la-aehg-la-plata-participo-de-la-reunion-regional-de-fehgra-en-mar-del-plata\/\" rel=\"bookmark\">La AEHG La Plata particip\u00f3 de la Reuni\u00f3n Regional de FEHGRA en Mar del Plata<\/a><\/h3><\/div> <div class=\"post-content\"> <div class=\"summary\"> <p>[vc_row][vc_column][vc_column_text] La AEHG La Plata particip\u00f3 de la Reuni\u00f3n Regional de FEHGRA en Mar del Plata [\/vc_column_text][\/vc_column][\/vc_row][vc_row][vc_column css=&#8221;.vc_custom_1457772902902{margin-top: -10px !important;}&#8221;][vc_column_text]La&#8230;<\/p> <\/div> <\/div> <div class=\"post-misc\"> <div class=\"post-links\"> <div class=\"post-footer-sharing\"><div class=\"gem-button-container gem-button-position-inline thegem-button-69f57073519715437\" ><a class=\"gem-button gem-button-size-tiny gem-button-style-flat gem-button-text-weight-normal gem-button-empty\" style=\"border-radius: 3px;\" onmouseleave=\"\" onmouseenter=\"\" href=\"#\" target=\"_self\"><i class=\"gem-print-icon gem-icon-pack-thegem-icons gem-icon-share \"><\/i><\/a><\/div> <div class=\"sharing-popup\">\n<div class=\"socials-sharing socials socials-colored-hover\"> <a class=\"socials-item\" target=\"_blank\" href=\"https:\/\/www.facebook.com\/sharer\/sharer.php?u=https%3A%2F%2Faehg-laplata.org.ar%2Fnueva%2Fla-aehg-la-plata-participo-de-la-reunion-regional-de-fehgra-en-mar-del-plata%2F\" title=\"Facebook\"><i class=\"socials-item-icon facebook\"><\/i><\/a> <a class=\"socials-item\" target=\"_blank\" href=\"https:\/\/twitter.com\/intent\/tweet?text=La+AEHG+La+Plata+particip%C3%B3+de+la+Reuni%C3%B3n+Regional+de+FEHGRA+en+Mar+del+Plata&#038;url=https%3A%2F%2Faehg-laplata.org.ar%2Fnueva%2Fla-aehg-la-plata-participo-de-la-reunion-regional-de-fehgra-en-mar-del-plata%2F\" title=\"Twitter\"><i class=\"socials-item-icon twitter\"><\/i><\/a> <a class=\"socials-item\" target=\"_blank\" href=\"https:\/\/pinterest.com\/pin\/create\/button\/?url=https%3A%2F%2Faehg-laplata.org.ar%2Fnueva%2Fla-aehg-la-plata-participo-de-la-reunion-regional-de-fehgra-en-mar-del-plata%2F&#038;description=La+AEHG+La+Plata+particip%C3%B3+de+la+Reuni%C3%B3n+Regional+de+FEHGRA+en+Mar+del+Plata&#038;media=https%3A%2F%2Faehg-laplata.org.ar%2Fnueva%2Fwp-content%2Fuploads%2FLa-AEHG-La-Plata-participo-de-la-Reunion-Regional-de-FEHGRA-en-Mar-del-Plata-thegem-blog-timeline-large.jpg\" title=\"Pinterest\"><i class=\"socials-item-icon pinterest\"><\/i><\/a> <a class=\"socials-item\" target=\"_blank\" href=\"http:\/\/tumblr.com\/widgets\/share\/tool?canonicalUrl=https%3A%2F%2Faehg-laplata.org.ar%2Fnueva%2Fla-aehg-la-plata-participo-de-la-reunion-regional-de-fehgra-en-mar-del-plata%2F\" title=\"Tumblr\"><i class=\"socials-item-icon tumblr\"><\/i><\/a> <a class=\"socials-item\" target=\"_blank\" href=\"https:\/\/www.linkedin.com\/shareArticle?mini=true&#038;url=https%3A%2F%2Faehg-laplata.org.ar%2Fnueva%2Fla-aehg-la-plata-participo-de-la-reunion-regional-de-fehgra-en-mar-del-plata%2F&#038;title=La+AEHG+La+Plata+particip%C3%B3+de+la+Reuni%C3%B3n+Regional+de+FEHGRA+en+Mar+del+Plata&amp;summary=%5Bvc_row%5D%5Bvc_column%5D%5Bvc_column_text%5D+La+AEHG+La+Plata+particip%C3%B3+de+la+Reuni%C3%B3n+Regional+de+FEHGRA+en+Mar+del+Plata+%5B%2Fvc_column_text%5D%5B%2Fvc_column%5D%5B%2Fvc_row%5D%5Bvc_row%5D%5Bvc_column+css%3D%26%238221%3B.vc_custom_1457772902902%7Bmargin-top%3A+-10px+%21important%3B%7D%26%238221%3B%5D%5Bvc_column_text%5DLa...\" title=\"LinkedIn\"><i class=\"socials-item-icon linkedin\"><\/i><\/a> <a class=\"socials-item\" target=\"_blank\" href=\"https:\/\/www.reddit.com\/submit?url=https%3A%2F%2Faehg-laplata.org.ar%2Fnueva%2Fla-aehg-la-plata-participo-de-la-reunion-regional-de-fehgra-en-mar-del-plata%2F&#038;title=La+AEHG+La+Plata+particip%C3%B3+de+la+Reuni%C3%B3n+Regional+de+FEHGRA+en+Mar+del+Plata\" title=\"Reddit\"><i class=\"socials-item-icon reddit\"><\/i><\/a>\n<\/div>\n<svg class=\"sharing-styled-arrow\"><use xlink:href=\"https:\/\/aehg-laplata.org.ar\/nueva\/wp-content\/themes\/thegem\/css\/post-arrow.svg#dec-post-arrow\"><\/use><\/svg><\/div><\/div> <div class=\"post-read-more\"><div class=\"gem-button-container gem-button-position-inline thegem-button-69f5707351eba6089\" ><a class=\"gem-button gem-button-size-tiny gem-button-style-outline gem-button-text-weight-normal gem-button-border-2\" style=\"border-radius: 3px;\" onmouseleave=\"\" onmouseenter=\"\" href=\"https:\/\/aehg-laplata.org.ar\/nueva\/la-aehg-la-plata-participo-de-la-reunion-regional-de-fehgra-en-mar-del-plata\/\" target=\"_self\">Leer M\u00e1s<\/a><\/div> <\/div> <\/div> <\/div> <\/div> <\/div> <\/div>\n<\/article><!-- #post-2789 --> <article id=\"post-2784\" class=\"item-animations-not-inited post-2784 post type-post status-publish format-standard has-post-thumbnail category-aehg\" data-post-date=\"Abr 2026\"> <div class=\"item-post-container\"> <div class=\"post-timeline-elements\"> <div class=\"pointer\"><div><span class=\"date\">23 Abr<\/span><span class=\"time\">14:01<\/span><\/div><\/div> <div class=\"pointer-right\"><div><span class=\"date\">23 Abr<\/span><span class=\"time\">14:01<\/span><\/div><\/div> <\/div> <div class=\"post-item clearfix\" style=\"\"> <svg class=\"wrap-style\" style=\"\"> <use xlink:href=\"https:\/\/aehg-laplata.org.ar\/nueva\/wp-content\/themes\/thegem\/css\/post-arrow.svg#dec-post-arrow\"><\/use> <\/svg> <svg class=\"wrap-style wrap-style-right\" style=\"\"> <use xlink:href=\"https:\/\/aehg-laplata.org.ar\/nueva\/wp-content\/themes\/thegem\/css\/post-arrow.svg#dec-post-arrow\"><\/use> <\/svg> <div class=\"post-image\"><div class=\"post-featured-content\"><a href=\"https:\/\/aehg-laplata.org.ar\/nueva\/la-aehg-la-plata-se-reunio-con-el-intendente-de-chascomus-y-avanzo-en-una-agenda-conjunta-para-fortalecer-el-sector-hotelero-y-gastronomico-en-la-region\/\"> <picture> <source srcset=\"https:\/\/aehg-laplata.org.ar\/nueva\/wp-content\/uploads\/La-AEHG-La-Plata-se-reunio-con-el-intendente-de-Chascomus-y-avanzo-en-una-agenda-conjunta-para-fortalecer-el-sector-hotelero-y-gastronomico-en-la-region-thegem-blog-timeline-large.jpg 1x, https:\/\/aehg-laplata.org.ar\/nueva\/wp-content\/uploads\/La-AEHG-La-Plata-se-reunio-con-el-intendente-de-Chascomus-y-avanzo-en-una-agenda-conjunta-para-fortalecer-el-sector-hotelero-y-gastronomico-en-la-region-thegem-blog-timeline-large.jpg 2x\" media=\"(max-width: 768px)\" sizes=\"100vw\"> <source srcset=\"https:\/\/aehg-laplata.org.ar\/nueva\/wp-content\/uploads\/La-AEHG-La-Plata-se-reunio-con-el-intendente-de-Chascomus-y-avanzo-en-una-agenda-conjunta-para-fortalecer-el-sector-hotelero-y-gastronomico-en-la-region-thegem-blog-timeline-small.jpg 1x, https:\/\/aehg-laplata.org.ar\/nueva\/wp-content\/uploads\/La-AEHG-La-Plata-se-reunio-con-el-intendente-de-Chascomus-y-avanzo-en-una-agenda-conjunta-para-fortalecer-el-sector-hotelero-y-gastronomico-en-la-region-thegem-blog-timeline-large.jpg 2x\" media=\"(max-width: 1050px)\" sizes=\"100vw\"> <source srcset=\"https:\/\/aehg-laplata.org.ar\/nueva\/wp-content\/uploads\/La-AEHG-La-Plata-se-reunio-con-el-intendente-de-Chascomus-y-avanzo-en-una-agenda-conjunta-para-fortalecer-el-sector-hotelero-y-gastronomico-en-la-region-thegem-blog-timeline.jpg 1x, https:\/\/aehg-laplata.org.ar\/nueva\/wp-content\/uploads\/La-AEHG-La-Plata-se-reunio-con-el-intendente-de-Chascomus-y-avanzo-en-una-agenda-conjunta-para-fortalecer-el-sector-hotelero-y-gastronomico-en-la-region-thegem-blog-timeline-large.jpg 2x\" media=\"(max-width: 1920px)\" sizes=\"100vw\"> <img src=\"https:\/\/aehg-laplata.org.ar\/nueva\/wp-content\/uploads\/La-AEHG-La-Plata-se-reunio-con-el-intendente-de-Chascomus-y-avanzo-en-una-agenda-conjunta-para-fortalecer-el-sector-hotelero-y-gastronomico-en-la-region-thegem-blog-default-large.jpg\" width=\"1170\" height=\"540\" class=\"img-responsive\" alt=\"La AEHG La Plata se reuni\u00f3 con el intendente de Chascom\u00fas y avanz\u00f3 en una agenda conjunta para fortalecer el sector hotelero y gastron\u00f3mico en la regi\u00f3n\" \/> <\/picture> <\/a><\/div><\/div> <div class=\"post-text-wrap\"> <div class=\"post-meta date-color\"> <div class=\"entry-meta clearfix gem-post-date\"> <div class=\"post-meta-left\"> <\/div> <div class=\"post-meta-right\"> <\/div> <\/div><!-- .entry-meta --> <\/div> <div class=\"post-title\"><h3 class=\"entry-title\"><a href=\"https:\/\/aehg-laplata.org.ar\/nueva\/la-aehg-la-plata-se-reunio-con-el-intendente-de-chascomus-y-avanzo-en-una-agenda-conjunta-para-fortalecer-el-sector-hotelero-y-gastronomico-en-la-region\/\" rel=\"bookmark\">La AEHG La Plata se reuni\u00f3 con el intendente de Chascom\u00fas y avanz\u00f3 en una agenda conjunta para fortalecer el sector hotelero y gastron\u00f3mico en la regi\u00f3n<\/a><\/h3><\/div> <div class=\"post-content\"> <div class=\"summary\"> <p>[vc_row][vc_column][vc_column_text] La AEHG La Plata se reuni\u00f3 con el intendente de Chascom\u00fas y avanz\u00f3 en una agenda conjunta para fortalecer&#8230;<\/p> <\/div> <\/div> <div class=\"post-misc\"> <div class=\"post-links\"> <div class=\"post-footer-sharing\"><div class=\"gem-button-container gem-button-position-inline thegem-button-69f57073566177778\" ><a class=\"gem-button gem-button-size-tiny gem-button-style-flat gem-button-text-weight-normal gem-button-empty\" style=\"border-radius: 3px;\" onmouseleave=\"\" onmouseenter=\"\" href=\"#\" target=\"_self\"><i class=\"gem-print-icon gem-icon-pack-thegem-icons gem-icon-share \"><\/i><\/a><\/div> <div class=\"sharing-popup\">\n<div class=\"socials-sharing socials socials-colored-hover\"> <a class=\"socials-item\" target=\"_blank\" href=\"https:\/\/www.facebook.com\/sharer\/sharer.php?u=https%3A%2F%2Faehg-laplata.org.ar%2Fnueva%2Fla-aehg-la-plata-se-reunio-con-el-intendente-de-chascomus-y-avanzo-en-una-agenda-conjunta-para-fortalecer-el-sector-hotelero-y-gastronomico-en-la-region%2F\" title=\"Facebook\"><i class=\"socials-item-icon facebook\"><\/i><\/a> <a class=\"socials-item\" target=\"_blank\" href=\"https:\/\/twitter.com\/intent\/tweet?text=La+AEHG+La+Plata+se+reuni%C3%B3+con+el+intendente+de+Chascom%C3%BAs+y+avanz%C3%B3+en+una+agenda+conjunta+para+fortalecer+el+sector+hotelero+y+gastron%C3%B3mico+en+la+regi%C3%B3n&#038;url=https%3A%2F%2Faehg-laplata.org.ar%2Fnueva%2Fla-aehg-la-plata-se-reunio-con-el-intendente-de-chascomus-y-avanzo-en-una-agenda-conjunta-para-fortalecer-el-sector-hotelero-y-gastronomico-en-la-region%2F\" title=\"Twitter\"><i class=\"socials-item-icon twitter\"><\/i><\/a> <a class=\"socials-item\" target=\"_blank\" href=\"https:\/\/pinterest.com\/pin\/create\/button\/?url=https%3A%2F%2Faehg-laplata.org.ar%2Fnueva%2Fla-aehg-la-plata-se-reunio-con-el-intendente-de-chascomus-y-avanzo-en-una-agenda-conjunta-para-fortalecer-el-sector-hotelero-y-gastronomico-en-la-region%2F&#038;description=La+AEHG+La+Plata+se+reuni%C3%B3+con+el+intendente+de+Chascom%C3%BAs+y+avanz%C3%B3+en+una+agenda+conjunta+para+fortalecer+el+sector+hotelero+y+gastron%C3%B3mico+en+la+regi%C3%B3n&#038;media=https%3A%2F%2Faehg-laplata.org.ar%2Fnueva%2Fwp-content%2Fuploads%2FLa-AEHG-La-Plata-se-reunio-con-el-intendente-de-Chascomus-y-avanzo-en-una-agenda-conjunta-para-fortalecer-el-sector-hotelero-y-gastronomico-en-la-region-thegem-blog-timeline-large.jpg\" title=\"Pinterest\"><i class=\"socials-item-icon pinterest\"><\/i><\/a> <a class=\"socials-item\" target=\"_blank\" href=\"http:\/\/tumblr.com\/widgets\/share\/tool?canonicalUrl=https%3A%2F%2Faehg-laplata.org.ar%2Fnueva%2Fla-aehg-la-plata-se-reunio-con-el-intendente-de-chascomus-y-avanzo-en-una-agenda-conjunta-para-fortalecer-el-sector-hotelero-y-gastronomico-en-la-region%2F\" title=\"Tumblr\"><i class=\"socials-item-icon tumblr\"><\/i><\/a> <a class=\"socials-item\" target=\"_blank\" href=\"https:\/\/www.linkedin.com\/shareArticle?mini=true&#038;url=https%3A%2F%2Faehg-laplata.org.ar%2Fnueva%2Fla-aehg-la-plata-se-reunio-con-el-intendente-de-chascomus-y-avanzo-en-una-agenda-conjunta-para-fortalecer-el-sector-hotelero-y-gastronomico-en-la-region%2F&#038;title=La+AEHG+La+Plata+se+reuni%C3%B3+con+el+intendente+de+Chascom%C3%BAs+y+avanz%C3%B3+en+una+agenda+conjunta+para+fortalecer+el+sector+hotelero+y+gastron%C3%B3mico+en+la+regi%C3%B3n&amp;summary=%5Bvc_row%5D%5Bvc_column%5D%5Bvc_column_text%5D+La+AEHG+La+Plata+se+reuni%C3%B3+con+el+intendente+de+Chascom%C3%BAs+y+avanz%C3%B3+en+una+agenda+conjunta+para+fortalecer...\" title=\"LinkedIn\"><i class=\"socials-item-icon linkedin\"><\/i><\/a> <a class=\"socials-item\" target=\"_blank\" href=\"https:\/\/www.reddit.com\/submit?url=https%3A%2F%2Faehg-laplata.org.ar%2Fnueva%2Fla-aehg-la-plata-se-reunio-con-el-intendente-de-chascomus-y-avanzo-en-una-agenda-conjunta-para-fortalecer-el-sector-hotelero-y-gastronomico-en-la-region%2F&#038;title=La+AEHG+La+Plata+se+reuni%C3%B3+con+el+intendente+de+Chascom%C3%BAs+y+avanz%C3%B3+en+una+agenda+conjunta+para+fortalecer+el+sector+hotelero+y+gastron%C3%B3mico+en+la+regi%C3%B3n\" title=\"Reddit\"><i class=\"socials-item-icon reddit\"><\/i><\/a>\n<\/div>\n<svg class=\"sharing-styled-arrow\"><use xlink:href=\"https:\/\/aehg-laplata.org.ar\/nueva\/wp-content\/themes\/thegem\/css\/post-arrow.svg#dec-post-arrow\"><\/use><\/svg><\/div><\/div> <div class=\"post-read-more\"><div class=\"gem-button-container gem-button-position-inline thegem-button-69f5707356bda4199\" ><a class=\"gem-button gem-button-size-tiny gem-button-style-outline gem-button-text-weight-normal gem-button-border-2\" style=\"border-radius: 3px;\" onmouseleave=\"\" onmouseenter=\"\" href=\"https:\/\/aehg-laplata.org.ar\/nueva\/la-aehg-la-plata-se-reunio-con-el-intendente-de-chascomus-y-avanzo-en-una-agenda-conjunta-para-fortalecer-el-sector-hotelero-y-gastronomico-en-la-region\/\" target=\"_self\">Leer M\u00e1s<\/a><\/div> <\/div> <\/div> <\/div> <\/div> <\/div> <\/div>\n<\/article><!-- #post-2784 --> <article id=\"post-2780\" class=\"item-animations-not-inited post-2780 post type-post status-publish format-standard has-post-thumbnail category-aehg\" data-post-date=\"Abr 2026\"> <div class=\"item-post-container\"> <div class=\"post-timeline-elements\"> <div class=\"pointer\"><div><span class=\"date\">22 Abr<\/span><span class=\"time\">08:37<\/span><\/div><\/div> <div class=\"pointer-right\"><div><span class=\"date\">22 Abr<\/span><span class=\"time\">08:37<\/span><\/div><\/div> <\/div> <div class=\"post-item clearfix\" style=\"\"> <svg class=\"wrap-style\" style=\"\"> <use xlink:href=\"https:\/\/aehg-laplata.org.ar\/nueva\/wp-content\/themes\/thegem\/css\/post-arrow.svg#dec-post-arrow\"><\/use> <\/svg> <svg class=\"wrap-style wrap-style-right\" style=\"\"> <use xlink:href=\"https:\/\/aehg-laplata.org.ar\/nueva\/wp-content\/themes\/thegem\/css\/post-arrow.svg#dec-post-arrow\"><\/use> <\/svg> <div class=\"post-image\"><div class=\"post-featured-content\"><a href=\"https:\/\/aehg-laplata.org.ar\/nueva\/el-itgas-formo-parte-de-la-4-fiesta-de-la-comida-al-disco-con-cocina-en-vivo-y-formacion-practica\/\"> <picture> <source srcset=\"https:\/\/aehg-laplata.org.ar\/nueva\/wp-content\/uploads\/El-ITGAS-formo-parte-de-la-4-Fiesta-de-la-Comida-al-Disco-con-cocina-en-vivo-y-formacion-practica-thegem-blog-timeline-large.jpg 1x, https:\/\/aehg-laplata.org.ar\/nueva\/wp-content\/uploads\/El-ITGAS-formo-parte-de-la-4-Fiesta-de-la-Comida-al-Disco-con-cocina-en-vivo-y-formacion-practica-thegem-blog-timeline-large.jpg 2x\" media=\"(max-width: 768px)\" sizes=\"100vw\"> <source srcset=\"https:\/\/aehg-laplata.org.ar\/nueva\/wp-content\/uploads\/El-ITGAS-formo-parte-de-la-4-Fiesta-de-la-Comida-al-Disco-con-cocina-en-vivo-y-formacion-practica-thegem-blog-timeline-small.jpg 1x, https:\/\/aehg-laplata.org.ar\/nueva\/wp-content\/uploads\/El-ITGAS-formo-parte-de-la-4-Fiesta-de-la-Comida-al-Disco-con-cocina-en-vivo-y-formacion-practica-thegem-blog-timeline-large.jpg 2x\" media=\"(max-width: 1050px)\" sizes=\"100vw\"> <source srcset=\"https:\/\/aehg-laplata.org.ar\/nueva\/wp-content\/uploads\/El-ITGAS-formo-parte-de-la-4-Fiesta-de-la-Comida-al-Disco-con-cocina-en-vivo-y-formacion-practica-thegem-blog-timeline.jpg 1x, https:\/\/aehg-laplata.org.ar\/nueva\/wp-content\/uploads\/El-ITGAS-formo-parte-de-la-4-Fiesta-de-la-Comida-al-Disco-con-cocina-en-vivo-y-formacion-practica-thegem-blog-timeline-large.jpg 2x\" media=\"(max-width: 1920px)\" sizes=\"100vw\"> <img src=\"https:\/\/aehg-laplata.org.ar\/nueva\/wp-content\/uploads\/El-ITGAS-formo-parte-de-la-4-Fiesta-de-la-Comida-al-Disco-con-cocina-en-vivo-y-formacion-practica-thegem-blog-default-large.jpg\" width=\"1067\" height=\"540\" class=\"img-responsive\" alt=\"El ITGAS form\u00f3 parte de la 4 Fiesta de la Comida al Disco con cocina en vivo y formaci\u00f3n pr\u00e1ctica\" \/> <\/picture> <\/a><\/div><\/div> <div class=\"post-text-wrap\"> <div class=\"post-meta date-color\"> <div class=\"entry-meta clearfix gem-post-date\"> <div class=\"post-meta-left\"> <\/div> <div class=\"post-meta-right\"> <\/div> <\/div><!-- .entry-meta --> <\/div> <div class=\"post-title\"><h3 class=\"entry-title\"><a href=\"https:\/\/aehg-laplata.org.ar\/nueva\/el-itgas-formo-parte-de-la-4-fiesta-de-la-comida-al-disco-con-cocina-en-vivo-y-formacion-practica\/\" rel=\"bookmark\">El ITGAS form\u00f3 parte de la 4\u00b0 Fiesta de la Comida al Disco con cocina en vivo y formaci\u00f3n pr\u00e1ctica<\/a><\/h3><\/div> <div class=\"post-content\"> <div class=\"summary\"> <p>[vc_row][vc_column][vc_column_text] El ITGAS form\u00f3 parte de la 4\u00b0 Fiesta de la Comida al Disco con cocina en vivo y formaci\u00f3n&#8230;<\/p> <\/div> <\/div> <div class=\"post-misc\"> <div class=\"post-links\"> <div class=\"post-footer-sharing\"><div class=\"gem-button-container gem-button-position-inline thegem-button-69f570735af363577\" ><a class=\"gem-button gem-button-size-tiny gem-button-style-flat gem-button-text-weight-normal gem-button-empty\" style=\"border-radius: 3px;\" onmouseleave=\"\" onmouseenter=\"\" href=\"#\" target=\"_self\"><i class=\"gem-print-icon gem-icon-pack-thegem-icons gem-icon-share \"><\/i><\/a><\/div> <div class=\"sharing-popup\">\n<div class=\"socials-sharing socials socials-colored-hover\"> <a class=\"socials-item\" target=\"_blank\" href=\"https:\/\/www.facebook.com\/sharer\/sharer.php?u=https%3A%2F%2Faehg-laplata.org.ar%2Fnueva%2Fel-itgas-formo-parte-de-la-4-fiesta-de-la-comida-al-disco-con-cocina-en-vivo-y-formacion-practica%2F\" title=\"Facebook\"><i class=\"socials-item-icon facebook\"><\/i><\/a> <a class=\"socials-item\" target=\"_blank\" href=\"https:\/\/twitter.com\/intent\/tweet?text=El+ITGAS+form%C3%B3+parte+de+la+4%C2%B0+Fiesta+de+la+Comida+al+Disco+con+cocina+en+vivo+y+formaci%C3%B3n+pr%C3%A1ctica&#038;url=https%3A%2F%2Faehg-laplata.org.ar%2Fnueva%2Fel-itgas-formo-parte-de-la-4-fiesta-de-la-comida-al-disco-con-cocina-en-vivo-y-formacion-practica%2F\" title=\"Twitter\"><i class=\"socials-item-icon twitter\"><\/i><\/a> <a class=\"socials-item\" target=\"_blank\" href=\"https:\/\/pinterest.com\/pin\/create\/button\/?url=https%3A%2F%2Faehg-laplata.org.ar%2Fnueva%2Fel-itgas-formo-parte-de-la-4-fiesta-de-la-comida-al-disco-con-cocina-en-vivo-y-formacion-practica%2F&#038;description=El+ITGAS+form%C3%B3+parte+de+la+4%C2%B0+Fiesta+de+la+Comida+al+Disco+con+cocina+en+vivo+y+formaci%C3%B3n+pr%C3%A1ctica&#038;media=https%3A%2F%2Faehg-laplata.org.ar%2Fnueva%2Fwp-content%2Fuploads%2FEl-ITGAS-formo-parte-de-la-4-Fiesta-de-la-Comida-al-Disco-con-cocina-en-vivo-y-formacion-practica-thegem-blog-timeline-large.jpg\" title=\"Pinterest\"><i class=\"socials-item-icon pinterest\"><\/i><\/a> <a class=\"socials-item\" target=\"_blank\" href=\"http:\/\/tumblr.com\/widgets\/share\/tool?canonicalUrl=https%3A%2F%2Faehg-laplata.org.ar%2Fnueva%2Fel-itgas-formo-parte-de-la-4-fiesta-de-la-comida-al-disco-con-cocina-en-vivo-y-formacion-practica%2F\" title=\"Tumblr\"><i class=\"socials-item-icon tumblr\"><\/i><\/a> <a class=\"socials-item\" target=\"_blank\" href=\"https:\/\/www.linkedin.com\/shareArticle?mini=true&#038;url=https%3A%2F%2Faehg-laplata.org.ar%2Fnueva%2Fel-itgas-formo-parte-de-la-4-fiesta-de-la-comida-al-disco-con-cocina-en-vivo-y-formacion-practica%2F&#038;title=El+ITGAS+form%C3%B3+parte+de+la+4%C2%B0+Fiesta+de+la+Comida+al+Disco+con+cocina+en+vivo+y+formaci%C3%B3n+pr%C3%A1ctica&amp;summary=%5Bvc_row%5D%5Bvc_column%5D%5Bvc_column_text%5D+El+ITGAS+form%C3%B3+parte+de+la+4%C2%B0+Fiesta+de+la+Comida+al+Disco+con+cocina+en+vivo+y+formaci%C3%B3n...\" title=\"LinkedIn\"><i class=\"socials-item-icon linkedin\"><\/i><\/a> <a class=\"socials-item\" target=\"_blank\" href=\"https:\/\/www.reddit.com\/submit?url=https%3A%2F%2Faehg-laplata.org.ar%2Fnueva%2Fel-itgas-formo-parte-de-la-4-fiesta-de-la-comida-al-disco-con-cocina-en-vivo-y-formacion-practica%2F&#038;title=El+ITGAS+form%C3%B3+parte+de+la+4%C2%B0+Fiesta+de+la+Comida+al+Disco+con+cocina+en+vivo+y+formaci%C3%B3n+pr%C3%A1ctica\" title=\"Reddit\"><i class=\"socials-item-icon reddit\"><\/i><\/a>\n<\/div>\n<svg class=\"sharing-styled-arrow\"><use xlink:href=\"https:\/\/aehg-laplata.org.ar\/nueva\/wp-content\/themes\/thegem\/css\/post-arrow.svg#dec-post-arrow\"><\/use><\/svg><\/div><\/div> <div class=\"post-read-more\"><div class=\"gem-button-container gem-button-position-inline thegem-button-69f570735b4c71597\" ><a class=\"gem-button gem-button-size-tiny gem-button-style-outline gem-button-text-weight-normal gem-button-border-2\" style=\"border-radius: 3px;\" onmouseleave=\"\" onmouseenter=\"\" href=\"https:\/\/aehg-laplata.org.ar\/nueva\/el-itgas-formo-parte-de-la-4-fiesta-de-la-comida-al-disco-con-cocina-en-vivo-y-formacion-practica\/\" target=\"_self\">Leer M\u00e1s<\/a><\/div> <\/div> <\/div> <\/div> <\/div> <\/div> <\/div>\n<\/article><!-- #post-2780 --> <article id=\"post-2776\" class=\"item-animations-not-inited post-2776 post type-post status-publish format-standard has-post-thumbnail category-aehg\" data-post-date=\"Abr 2026\"> <div class=\"item-post-container\"> <div class=\"post-timeline-elements\"> <div class=\"pointer\"><div><span class=\"date\">22 Abr<\/span><span class=\"time\">08:31<\/span><\/div><\/div> <div class=\"pointer-right\"><div><span class=\"date\">22 Abr<\/span><span class=\"time\">08:31<\/span><\/div><\/div> <\/div> <div class=\"post-item clearfix\" style=\"\"> <svg class=\"wrap-style\" style=\"\"> <use xlink:href=\"https:\/\/aehg-laplata.org.ar\/nueva\/wp-content\/themes\/thegem\/css\/post-arrow.svg#dec-post-arrow\"><\/use> <\/svg> <svg class=\"wrap-style wrap-style-right\" style=\"\"> <use xlink:href=\"https:\/\/aehg-laplata.org.ar\/nueva\/wp-content\/themes\/thegem\/css\/post-arrow.svg#dec-post-arrow\"><\/use> <\/svg> <div class=\"post-image\"><div class=\"post-featured-content\"><a href=\"https:\/\/aehg-laplata.org.ar\/nueva\/la-aehg-la-plata-avanza-en-su-agenda-territorial-en-su-zona-de-influencia-y-firmo-un-convenio-en-dolores-para-fortalecer-la-capacitacion-del-sector\/\"> <picture> <source srcset=\"https:\/\/aehg-laplata.org.ar\/nueva\/wp-content\/uploads\/La-AEHG-La-Plata-avanza-en-su-agenda-territorial-en-su-zona-de-influencia-y-firmo-un-convenio-en-Dolores-para-fortalecer-la-capacitacion-del-sector-thegem-blog-timeline-large.jpg 1x, https:\/\/aehg-laplata.org.ar\/nueva\/wp-content\/uploads\/La-AEHG-La-Plata-avanza-en-su-agenda-territorial-en-su-zona-de-influencia-y-firmo-un-convenio-en-Dolores-para-fortalecer-la-capacitacion-del-sector-thegem-blog-timeline-large.jpg 2x\" media=\"(max-width: 768px)\" sizes=\"100vw\"> <source srcset=\"https:\/\/aehg-laplata.org.ar\/nueva\/wp-content\/uploads\/La-AEHG-La-Plata-avanza-en-su-agenda-territorial-en-su-zona-de-influencia-y-firmo-un-convenio-en-Dolores-para-fortalecer-la-capacitacion-del-sector-thegem-blog-timeline-small.jpg 1x, https:\/\/aehg-laplata.org.ar\/nueva\/wp-content\/uploads\/La-AEHG-La-Plata-avanza-en-su-agenda-territorial-en-su-zona-de-influencia-y-firmo-un-convenio-en-Dolores-para-fortalecer-la-capacitacion-del-sector-thegem-blog-timeline-large.jpg 2x\" media=\"(max-width: 1050px)\" sizes=\"100vw\"> <source srcset=\"https:\/\/aehg-laplata.org.ar\/nueva\/wp-content\/uploads\/La-AEHG-La-Plata-avanza-en-su-agenda-territorial-en-su-zona-de-influencia-y-firmo-un-convenio-en-Dolores-para-fortalecer-la-capacitacion-del-sector-thegem-blog-timeline.jpg 1x, https:\/\/aehg-laplata.org.ar\/nueva\/wp-content\/uploads\/La-AEHG-La-Plata-avanza-en-su-agenda-territorial-en-su-zona-de-influencia-y-firmo-un-convenio-en-Dolores-para-fortalecer-la-capacitacion-del-sector-thegem-blog-timeline-large.jpg 2x\" media=\"(max-width: 1920px)\" sizes=\"100vw\"> <img src=\"https:\/\/aehg-laplata.org.ar\/nueva\/wp-content\/uploads\/La-AEHG-La-Plata-avanza-en-su-agenda-territorial-en-su-zona-de-influencia-y-firmo-un-convenio-en-Dolores-para-fortalecer-la-capacitacion-del-sector-thegem-blog-default-large.jpg\" width=\"1002\" height=\"540\" class=\"img-responsive\" alt=\"La AEHG La Plata avanza en su agenda territorial en su zona de influencia y firm\u00f3 un convenio en Dolores para fortalecer la capacitaci\u00f3n del sector\" \/> <\/picture> <\/a><\/div><\/div> <div class=\"post-text-wrap\"> <div class=\"post-meta date-color\"> <div class=\"entry-meta clearfix gem-post-date\"> <div class=\"post-meta-left\"> <\/div> <div class=\"post-meta-right\"> <\/div> <\/div><!-- .entry-meta --> <\/div> <div class=\"post-title\"><h3 class=\"entry-title\"><a href=\"https:\/\/aehg-laplata.org.ar\/nueva\/la-aehg-la-plata-avanza-en-su-agenda-territorial-en-su-zona-de-influencia-y-firmo-un-convenio-en-dolores-para-fortalecer-la-capacitacion-del-sector\/\" rel=\"bookmark\">La AEHG La Plata avanza en su agenda territorial en su zona de influencia y firm\u00f3 un convenio en Dolores para fortalecer la capacitaci\u00f3n del sector<\/a><\/h3><\/div> <div class=\"post-content\"> <div class=\"summary\"> <p>[vc_row][vc_column][vc_column_text] La AEHG La Plata avanza en su agenda territorial en su zona de influencia y firm\u00f3 un convenio en&#8230;<\/p> <\/div> <\/div> <div class=\"post-misc\"> <div class=\"post-links\"> <div class=\"post-footer-sharing\"><div class=\"gem-button-container gem-button-position-inline thegem-button-69f570735f2bf3277\" ><a class=\"gem-button gem-button-size-tiny gem-button-style-flat gem-button-text-weight-normal gem-button-empty\" style=\"border-radius: 3px;\" onmouseleave=\"\" onmouseenter=\"\" href=\"#\" target=\"_self\"><i class=\"gem-print-icon gem-icon-pack-thegem-icons gem-icon-share \"><\/i><\/a><\/div> <div class=\"sharing-popup\">\n<div class=\"socials-sharing socials socials-colored-hover\"> <a class=\"socials-item\" target=\"_blank\" href=\"https:\/\/www.facebook.com\/sharer\/sharer.php?u=https%3A%2F%2Faehg-laplata.org.ar%2Fnueva%2Fla-aehg-la-plata-avanza-en-su-agenda-territorial-en-su-zona-de-influencia-y-firmo-un-convenio-en-dolores-para-fortalecer-la-capacitacion-del-sector%2F\" title=\"Facebook\"><i class=\"socials-item-icon facebook\"><\/i><\/a> <a class=\"socials-item\" target=\"_blank\" href=\"https:\/\/twitter.com\/intent\/tweet?text=La+AEHG+La+Plata+avanza+en+su+agenda+territorial+en+su+zona+de+influencia+y+firm%C3%B3+un+convenio+en+Dolores+para+fortalecer+la+capacitaci%C3%B3n+del+sector&#038;url=https%3A%2F%2Faehg-laplata.org.ar%2Fnueva%2Fla-aehg-la-plata-avanza-en-su-agenda-territorial-en-su-zona-de-influencia-y-firmo-un-convenio-en-dolores-para-fortalecer-la-capacitacion-del-sector%2F\" title=\"Twitter\"><i class=\"socials-item-icon twitter\"><\/i><\/a> <a class=\"socials-item\" target=\"_blank\" href=\"https:\/\/pinterest.com\/pin\/create\/button\/?url=https%3A%2F%2Faehg-laplata.org.ar%2Fnueva%2Fla-aehg-la-plata-avanza-en-su-agenda-territorial-en-su-zona-de-influencia-y-firmo-un-convenio-en-dolores-para-fortalecer-la-capacitacion-del-sector%2F&#038;description=La+AEHG+La+Plata+avanza+en+su+agenda+territorial+en+su+zona+de+influencia+y+firm%C3%B3+un+convenio+en+Dolores+para+fortalecer+la+capacitaci%C3%B3n+del+sector&#038;media=https%3A%2F%2Faehg-laplata.org.ar%2Fnueva%2Fwp-content%2Fuploads%2FLa-AEHG-La-Plata-avanza-en-su-agenda-territorial-en-su-zona-de-influencia-y-firmo-un-convenio-en-Dolores-para-fortalecer-la-capacitacion-del-sector-thegem-blog-timeline-large.jpg\" title=\"Pinterest\"><i class=\"socials-item-icon pinterest\"><\/i><\/a> <a class=\"socials-item\" target=\"_blank\" href=\"http:\/\/tumblr.com\/widgets\/share\/tool?canonicalUrl=https%3A%2F%2Faehg-laplata.org.ar%2Fnueva%2Fla-aehg-la-plata-avanza-en-su-agenda-territorial-en-su-zona-de-influencia-y-firmo-un-convenio-en-dolores-para-fortalecer-la-capacitacion-del-sector%2F\" title=\"Tumblr\"><i class=\"socials-item-icon tumblr\"><\/i><\/a> <a class=\"socials-item\" target=\"_blank\" href=\"https:\/\/www.linkedin.com\/shareArticle?mini=true&#038;url=https%3A%2F%2Faehg-laplata.org.ar%2Fnueva%2Fla-aehg-la-plata-avanza-en-su-agenda-territorial-en-su-zona-de-influencia-y-firmo-un-convenio-en-dolores-para-fortalecer-la-capacitacion-del-sector%2F&#038;title=La+AEHG+La+Plata+avanza+en+su+agenda+territorial+en+su+zona+de+influencia+y+firm%C3%B3+un+convenio+en+Dolores+para+fortalecer+la+capacitaci%C3%B3n+del+sector&amp;summary=%5Bvc_row%5D%5Bvc_column%5D%5Bvc_column_text%5D+La+AEHG+La+Plata+avanza+en+su+agenda+territorial+en+su+zona+de+influencia+y+firm%C3%B3+un+convenio+en...\" title=\"LinkedIn\"><i class=\"socials-item-icon linkedin\"><\/i><\/a> <a class=\"socials-item\" target=\"_blank\" href=\"https:\/\/www.reddit.com\/submit?url=https%3A%2F%2Faehg-laplata.org.ar%2Fnueva%2Fla-aehg-la-plata-avanza-en-su-agenda-territorial-en-su-zona-de-influencia-y-firmo-un-convenio-en-dolores-para-fortalecer-la-capacitacion-del-sector%2F&#038;title=La+AEHG+La+Plata+avanza+en+su+agenda+territorial+en+su+zona+de+influencia+y+firm%C3%B3+un+convenio+en+Dolores+para+fortalecer+la+capacitaci%C3%B3n+del+sector\" title=\"Reddit\"><i class=\"socials-item-icon reddit\"><\/i><\/a>\n<\/div>\n<svg class=\"sharing-styled-arrow\"><use xlink:href=\"https:\/\/aehg-laplata.org.ar\/nueva\/wp-content\/themes\/thegem\/css\/post-arrow.svg#dec-post-arrow\"><\/use><\/svg><\/div><\/div> <div class=\"post-read-more\"><div class=\"gem-button-container gem-button-position-inline thegem-button-69f570735f7e71264\" ><a class=\"gem-button gem-button-size-tiny gem-button-style-outline gem-button-text-weight-normal gem-button-border-2\" style=\"border-radius: 3px;\" onmouseleave=\"\" onmouseenter=\"\" href=\"https:\/\/aehg-laplata.org.ar\/nueva\/la-aehg-la-plata-avanza-en-su-agenda-territorial-en-su-zona-de-influencia-y-firmo-un-convenio-en-dolores-para-fortalecer-la-capacitacion-del-sector\/\" target=\"_self\">Leer M\u00e1s<\/a><\/div> <\/div> <\/div> <\/div> <\/div> <\/div> <\/div>\n<\/article><!-- #post-2776 --> <article id=\"post-2773\" class=\"item-animations-not-inited post-2773 post type-post status-publish format-standard has-post-thumbnail category-aehg\" data-post-date=\"Abr 2026\"> <div class=\"item-post-container\"> <div class=\"post-timeline-elements\"> <div class=\"pointer\"><div><span class=\"date\">20 Abr<\/span><span class=\"time\">09:39<\/span><\/div><\/div> <div class=\"pointer-right\"><div><span class=\"date\">20 Abr<\/span><span class=\"time\">09:39<\/span><\/div><\/div> <\/div> <div class=\"post-item clearfix\" style=\"\"> <svg class=\"wrap-style\" style=\"\"> <use xlink:href=\"https:\/\/aehg-laplata.org.ar\/nueva\/wp-content\/themes\/thegem\/css\/post-arrow.svg#dec-post-arrow\"><\/use> <\/svg> <svg class=\"wrap-style wrap-style-right\" style=\"\"> <use xlink:href=\"https:\/\/aehg-laplata.org.ar\/nueva\/wp-content\/themes\/thegem\/css\/post-arrow.svg#dec-post-arrow\"><\/use> <\/svg> <div class=\"post-image\"><div class=\"post-featured-content\"><a href=\"https:\/\/aehg-laplata.org.ar\/nueva\/la-aehg-la-plata-acompano-la-4-fiesta-de-la-coccion-al-disco-en-san-miguel-del-monte-un-evento-que-impulsa-la-identidad-gastronomica-y-el-desarrollo-local\/\"> <picture> <source srcset=\"https:\/\/aehg-laplata.org.ar\/nueva\/wp-content\/uploads\/La-AEHG-La-Plata-acompano-la-4ta-Fiesta-de-la-Coccion-al-Disco-en-San-Miguel-del-Monte-thegem-blog-timeline-large.jpg 1x, https:\/\/aehg-laplata.org.ar\/nueva\/wp-content\/uploads\/La-AEHG-La-Plata-acompano-la-4ta-Fiesta-de-la-Coccion-al-Disco-en-San-Miguel-del-Monte-thegem-blog-timeline-large.jpg 2x\" media=\"(max-width: 768px)\" sizes=\"100vw\"> <source srcset=\"https:\/\/aehg-laplata.org.ar\/nueva\/wp-content\/uploads\/La-AEHG-La-Plata-acompano-la-4ta-Fiesta-de-la-Coccion-al-Disco-en-San-Miguel-del-Monte-thegem-blog-timeline-small.jpg 1x, https:\/\/aehg-laplata.org.ar\/nueva\/wp-content\/uploads\/La-AEHG-La-Plata-acompano-la-4ta-Fiesta-de-la-Coccion-al-Disco-en-San-Miguel-del-Monte-thegem-blog-timeline-large.jpg 2x\" media=\"(max-width: 1050px)\" sizes=\"100vw\"> <source srcset=\"https:\/\/aehg-laplata.org.ar\/nueva\/wp-content\/uploads\/La-AEHG-La-Plata-acompano-la-4ta-Fiesta-de-la-Coccion-al-Disco-en-San-Miguel-del-Monte-thegem-blog-timeline.jpg 1x, https:\/\/aehg-laplata.org.ar\/nueva\/wp-content\/uploads\/La-AEHG-La-Plata-acompano-la-4ta-Fiesta-de-la-Coccion-al-Disco-en-San-Miguel-del-Monte-thegem-blog-timeline-large.jpg 2x\" media=\"(max-width: 1920px)\" sizes=\"100vw\"> <img src=\"https:\/\/aehg-laplata.org.ar\/nueva\/wp-content\/uploads\/La-AEHG-La-Plata-acompano-la-4ta-Fiesta-de-la-Coccion-al-Disco-en-San-Miguel-del-Monte-thegem-blog-default-large.jpg\" width=\"1170\" height=\"540\" class=\"img-responsive\" alt=\"La AEHG La Plata acompa\u00f1\u00f3 la 4ta Fiesta de la Cocci\u00f3n al Disco en San Miguel del Monte\" \/> <\/picture> <\/a><\/div><\/div> <div class=\"post-text-wrap\"> <div class=\"post-meta date-color\"> <div class=\"entry-meta clearfix gem-post-date\"> <div class=\"post-meta-left\"> <\/div> <div class=\"post-meta-right\"> <\/div> <\/div><!-- .entry-meta --> <\/div> <div class=\"post-title\"><h3 class=\"entry-title\"><a href=\"https:\/\/aehg-laplata.org.ar\/nueva\/la-aehg-la-plata-acompano-la-4-fiesta-de-la-coccion-al-disco-en-san-miguel-del-monte-un-evento-que-impulsa-la-identidad-gastronomica-y-el-desarrollo-local\/\" rel=\"bookmark\">La AEHG La Plata acompa\u00f1\u00f3 la 4\u00b0 Fiesta de la Cocci\u00f3n al Disco en San Miguel del Monte, un evento que impulsa la identidad gastron\u00f3mica y el desarrollo local<\/a><\/h3><\/div> <div class=\"post-content\"> <div class=\"summary\"> <p>[vc_row][vc_column][vc_column_text] La AEHG La Plata acompa\u00f1\u00f3 la 4\u00b0 Fiesta de la Cocci\u00f3n al Disco en San Miguel del Monte, un&#8230;<\/p> <\/div> <\/div> <div class=\"post-misc\"> <div class=\"post-links\"> <div class=\"post-footer-sharing\"><div class=\"gem-button-container gem-button-position-inline thegem-button-69f570736394e4284\" ><a class=\"gem-button gem-button-size-tiny gem-button-style-flat gem-button-text-weight-normal gem-button-empty\" style=\"border-radius: 3px;\" onmouseleave=\"\" onmouseenter=\"\" href=\"#\" target=\"_self\"><i class=\"gem-print-icon gem-icon-pack-thegem-icons gem-icon-share \"><\/i><\/a><\/div> <div class=\"sharing-popup\">\n<div class=\"socials-sharing socials socials-colored-hover\"> <a class=\"socials-item\" target=\"_blank\" href=\"https:\/\/www.facebook.com\/sharer\/sharer.php?u=https%3A%2F%2Faehg-laplata.org.ar%2Fnueva%2Fla-aehg-la-plata-acompano-la-4-fiesta-de-la-coccion-al-disco-en-san-miguel-del-monte-un-evento-que-impulsa-la-identidad-gastronomica-y-el-desarrollo-local%2F\" title=\"Facebook\"><i class=\"socials-item-icon facebook\"><\/i><\/a> <a class=\"socials-item\" target=\"_blank\" href=\"https:\/\/twitter.com\/intent\/tweet?text=La+AEHG+La+Plata+acompa%C3%B1%C3%B3+la+4%C2%B0+Fiesta+de+la+Cocci%C3%B3n+al+Disco+en+San+Miguel+del+Monte%2C+un+evento+que+impulsa+la+identidad+gastron%C3%B3mica+y+el+desarrollo+local&#038;url=https%3A%2F%2Faehg-laplata.org.ar%2Fnueva%2Fla-aehg-la-plata-acompano-la-4-fiesta-de-la-coccion-al-disco-en-san-miguel-del-monte-un-evento-que-impulsa-la-identidad-gastronomica-y-el-desarrollo-local%2F\" title=\"Twitter\"><i class=\"socials-item-icon twitter\"><\/i><\/a> <a class=\"socials-item\" target=\"_blank\" href=\"https:\/\/pinterest.com\/pin\/create\/button\/?url=https%3A%2F%2Faehg-laplata.org.ar%2Fnueva%2Fla-aehg-la-plata-acompano-la-4-fiesta-de-la-coccion-al-disco-en-san-miguel-del-monte-un-evento-que-impulsa-la-identidad-gastronomica-y-el-desarrollo-local%2F&#038;description=La+AEHG+La+Plata+acompa%C3%B1%C3%B3+la+4%C2%B0+Fiesta+de+la+Cocci%C3%B3n+al+Disco+en+San+Miguel+del+Monte%2C+un+evento+que+impulsa+la+identidad+gastron%C3%B3mica+y+el+desarrollo+local&#038;media=https%3A%2F%2Faehg-laplata.org.ar%2Fnueva%2Fwp-content%2Fuploads%2FLa-AEHG-La-Plata-acompano-la-4ta-Fiesta-de-la-Coccion-al-Disco-en-San-Miguel-del-Monte-thegem-blog-timeline-large.jpg\" title=\"Pinterest\"><i class=\"socials-item-icon pinterest\"><\/i><\/a> <a class=\"socials-item\" target=\"_blank\" href=\"http:\/\/tumblr.com\/widgets\/share\/tool?canonicalUrl=https%3A%2F%2Faehg-laplata.org.ar%2Fnueva%2Fla-aehg-la-plata-acompano-la-4-fiesta-de-la-coccion-al-disco-en-san-miguel-del-monte-un-evento-que-impulsa-la-identidad-gastronomica-y-el-desarrollo-local%2F\" title=\"Tumblr\"><i class=\"socials-item-icon tumblr\"><\/i><\/a> <a class=\"socials-item\" target=\"_blank\" href=\"https:\/\/www.linkedin.com\/shareArticle?mini=true&#038;url=https%3A%2F%2Faehg-laplata.org.ar%2Fnueva%2Fla-aehg-la-plata-acompano-la-4-fiesta-de-la-coccion-al-disco-en-san-miguel-del-monte-un-evento-que-impulsa-la-identidad-gastronomica-y-el-desarrollo-local%2F&#038;title=La+AEHG+La+Plata+acompa%C3%B1%C3%B3+la+4%C2%B0+Fiesta+de+la+Cocci%C3%B3n+al+Disco+en+San+Miguel+del+Monte%2C+un+evento+que+impulsa+la+identidad+gastron%C3%B3mica+y+el+desarrollo+local&amp;summary=%5Bvc_row%5D%5Bvc_column%5D%5Bvc_column_text%5D+La+AEHG+La+Plata+acompa%C3%B1%C3%B3+la+4%C2%B0+Fiesta+de+la+Cocci%C3%B3n+al+Disco+en+San+Miguel+del+Monte%2C+un...\" title=\"LinkedIn\"><i class=\"socials-item-icon linkedin\"><\/i><\/a> <a class=\"socials-item\" target=\"_blank\" href=\"https:\/\/www.reddit.com\/submit?url=https%3A%2F%2Faehg-laplata.org.ar%2Fnueva%2Fla-aehg-la-plata-acompano-la-4-fiesta-de-la-coccion-al-disco-en-san-miguel-del-monte-un-evento-que-impulsa-la-identidad-gastronomica-y-el-desarrollo-local%2F&#038;title=La+AEHG+La+Plata+acompa%C3%B1%C3%B3+la+4%C2%B0+Fiesta+de+la+Cocci%C3%B3n+al+Disco+en+San+Miguel+del+Monte%2C+un+evento+que+impulsa+la+identidad+gastron%C3%B3mica+y+el+desarrollo+local\" title=\"Reddit\"><i class=\"socials-item-icon reddit\"><\/i><\/a>\n<\/div>\n<svg class=\"sharing-styled-arrow\"><use xlink:href=\"https:\/\/aehg-laplata.org.ar\/nueva\/wp-content\/themes\/thegem\/css\/post-arrow.svg#dec-post-arrow\"><\/use><\/svg><\/div><\/div> <div class=\"post-read-more\"><div class=\"gem-button-container gem-button-position-inline thegem-button-69f5707363ea81297\" ><a class=\"gem-button gem-button-size-tiny gem-button-style-outline gem-button-text-weight-normal gem-button-border-2\" style=\"border-radius: 3px;\" onmouseleave=\"\" onmouseenter=\"\" href=\"https:\/\/aehg-laplata.org.ar\/nueva\/la-aehg-la-plata-acompano-la-4-fiesta-de-la-coccion-al-disco-en-san-miguel-del-monte-un-evento-que-impulsa-la-identidad-gastronomica-y-el-desarrollo-local\/\" target=\"_self\">Leer M\u00e1s<\/a><\/div> <\/div> <\/div> <\/div> <\/div> <\/div> <\/div>\n<\/article><!-- #post-2773 --> <article id=\"post-2767\" class=\"item-animations-not-inited post-2767 post type-post status-publish format-standard has-post-thumbnail category-aehg\" data-post-date=\"Abr 2026\"> <div class=\"item-post-container\"> <div class=\"post-timeline-elements\"> <div class=\"pointer\"><div><span class=\"date\">20 Abr<\/span><span class=\"time\">09:08<\/span><\/div><\/div> <div class=\"pointer-right\"><div><span class=\"date\">20 Abr<\/span><span class=\"time\">09:08<\/span><\/div><\/div> <\/div> <div class=\"post-item clearfix\" style=\"\"> <svg class=\"wrap-style\" style=\"\"> <use xlink:href=\"https:\/\/aehg-laplata.org.ar\/nueva\/wp-content\/themes\/thegem\/css\/post-arrow.svg#dec-post-arrow\"><\/use> <\/svg> <svg class=\"wrap-style wrap-style-right\" style=\"\"> <use xlink:href=\"https:\/\/aehg-laplata.org.ar\/nueva\/wp-content\/themes\/thegem\/css\/post-arrow.svg#dec-post-arrow\"><\/use> <\/svg> <div class=\"post-image\"><div class=\"post-featured-content\"><a href=\"https:\/\/aehg-laplata.org.ar\/nueva\/la-aehg-la-plata-acompano-una-nueva-inversion-gastronomica-en-la-ciudad-de-la-plata-atalaya-inauguro-una-sucursal-que-reafirma-el-crecimiento-y-desarrollo-del-sector-en-la-region\/\"> <picture> <source srcset=\"https:\/\/aehg-laplata.org.ar\/nueva\/wp-content\/uploads\/La-AEHG-La-Plata-acompano-una-nueva-inversion-gastronomica-en-la-ciudad-de-La-Plata-thegem-blog-timeline-large.jpeg 1x, https:\/\/aehg-laplata.org.ar\/nueva\/wp-content\/uploads\/La-AEHG-La-Plata-acompano-una-nueva-inversion-gastronomica-en-la-ciudad-de-La-Plata-thegem-blog-timeline-large.jpeg 2x\" media=\"(max-width: 768px)\" sizes=\"100vw\"> <source srcset=\"https:\/\/aehg-laplata.org.ar\/nueva\/wp-content\/uploads\/La-AEHG-La-Plata-acompano-una-nueva-inversion-gastronomica-en-la-ciudad-de-La-Plata-thegem-blog-timeline-small.jpeg 1x, https:\/\/aehg-laplata.org.ar\/nueva\/wp-content\/uploads\/La-AEHG-La-Plata-acompano-una-nueva-inversion-gastronomica-en-la-ciudad-de-La-Plata-thegem-blog-timeline-large.jpeg 2x\" media=\"(max-width: 1050px)\" sizes=\"100vw\"> <source srcset=\"https:\/\/aehg-laplata.org.ar\/nueva\/wp-content\/uploads\/La-AEHG-La-Plata-acompano-una-nueva-inversion-gastronomica-en-la-ciudad-de-La-Plata-thegem-blog-timeline.jpeg 1x, https:\/\/aehg-laplata.org.ar\/nueva\/wp-content\/uploads\/La-AEHG-La-Plata-acompano-una-nueva-inversion-gastronomica-en-la-ciudad-de-La-Plata-thegem-blog-timeline-large.jpeg 2x\" media=\"(max-width: 1920px)\" sizes=\"100vw\"> <img src=\"https:\/\/aehg-laplata.org.ar\/nueva\/wp-content\/uploads\/La-AEHG-La-Plata-acompano-una-nueva-inversion-gastronomica-en-la-ciudad-de-La-Plata-thegem-blog-default-large.jpeg\" width=\"1170\" height=\"540\" class=\"img-responsive\" alt=\"La AEHG La Plata acompa\u00f1\u00f3 una nueva inversi\u00f3n gastron\u00f3mica en la ciudad de La Plata\" \/> <\/picture> <\/a><\/div><\/div> <div class=\"post-text-wrap\"> <div class=\"post-meta date-color\"> <div class=\"entry-meta clearfix gem-post-date\"> <div class=\"post-meta-left\"> <\/div> <div class=\"post-meta-right\"> <\/div> <\/div><!-- .entry-meta --> <\/div> <div class=\"post-title\"><h3 class=\"entry-title\"><a href=\"https:\/\/aehg-laplata.org.ar\/nueva\/la-aehg-la-plata-acompano-una-nueva-inversion-gastronomica-en-la-ciudad-de-la-plata-atalaya-inauguro-una-sucursal-que-reafirma-el-crecimiento-y-desarrollo-del-sector-en-la-region\/\" rel=\"bookmark\">La AEHG La Plata acompa\u00f1\u00f3 una nueva inversi\u00f3n gastron\u00f3mica en la ciudad de La Plata: Atalaya inaugur\u00f3 una sucursal que reafirma el crecimiento y desarrollo del sector en la regi\u00f3n<\/a><\/h3><\/div> <div class=\"post-content\"> <div class=\"summary\"> <p>[vc_row][vc_column][vc_column_text] La AEHG La Plata acompa\u00f1\u00f3 una nueva inversi\u00f3n gastron\u00f3mica en la ciudad de La Plata: Atalaya inaugur\u00f3 una sucursal&#8230;<\/p> <\/div> <\/div> <div class=\"post-misc\"> <div class=\"post-links\"> <div class=\"post-footer-sharing\"><div class=\"gem-button-container gem-button-position-inline thegem-button-69f57073680521693\" ><a class=\"gem-button gem-button-size-tiny gem-button-style-flat gem-button-text-weight-normal gem-button-empty\" style=\"border-radius: 3px;\" onmouseleave=\"\" onmouseenter=\"\" href=\"#\" target=\"_self\"><i class=\"gem-print-icon gem-icon-pack-thegem-icons gem-icon-share \"><\/i><\/a><\/div> <div class=\"sharing-popup\">\n<div class=\"socials-sharing socials socials-colored-hover\"> <a class=\"socials-item\" target=\"_blank\" href=\"https:\/\/www.facebook.com\/sharer\/sharer.php?u=https%3A%2F%2Faehg-laplata.org.ar%2Fnueva%2Fla-aehg-la-plata-acompano-una-nueva-inversion-gastronomica-en-la-ciudad-de-la-plata-atalaya-inauguro-una-sucursal-que-reafirma-el-crecimiento-y-desarrollo-del-sector-en-la-region%2F\" title=\"Facebook\"><i class=\"socials-item-icon facebook\"><\/i><\/a> <a class=\"socials-item\" target=\"_blank\" href=\"https:\/\/twitter.com\/intent\/tweet?text=La+AEHG+La+Plata+acompa%C3%B1%C3%B3+una+nueva+inversi%C3%B3n+gastron%C3%B3mica+en+la+ciudad+de+La+Plata%3A+Atalaya+inaugur%C3%B3+una+sucursal+que+reafirma+el+crecimiento+y+desarrollo+del+sector+en+la+regi%C3%B3n&#038;url=https%3A%2F%2Faehg-laplata.org.ar%2Fnueva%2Fla-aehg-la-plata-acompano-una-nueva-inversion-gastronomica-en-la-ciudad-de-la-plata-atalaya-inauguro-una-sucursal-que-reafirma-el-crecimiento-y-desarrollo-del-sector-en-la-region%2F\" title=\"Twitter\"><i class=\"socials-item-icon twitter\"><\/i><\/a> <a class=\"socials-item\" target=\"_blank\" href=\"https:\/\/pinterest.com\/pin\/create\/button\/?url=https%3A%2F%2Faehg-laplata.org.ar%2Fnueva%2Fla-aehg-la-plata-acompano-una-nueva-inversion-gastronomica-en-la-ciudad-de-la-plata-atalaya-inauguro-una-sucursal-que-reafirma-el-crecimiento-y-desarrollo-del-sector-en-la-region%2F&#038;description=La+AEHG+La+Plata+acompa%C3%B1%C3%B3+una+nueva+inversi%C3%B3n+gastron%C3%B3mica+en+la+ciudad+de+La+Plata%3A+Atalaya+inaugur%C3%B3+una+sucursal+que+reafirma+el+crecimiento+y+desarrollo+del+sector+en+la+regi%C3%B3n&#038;media=https%3A%2F%2Faehg-laplata.org.ar%2Fnueva%2Fwp-content%2Fuploads%2FLa-AEHG-La-Plata-acompano-una-nueva-inversion-gastronomica-en-la-ciudad-de-La-Plata-thegem-blog-timeline-large.jpeg\" title=\"Pinterest\"><i class=\"socials-item-icon pinterest\"><\/i><\/a> <a class=\"socials-item\" target=\"_blank\" href=\"http:\/\/tumblr.com\/widgets\/share\/tool?canonicalUrl=https%3A%2F%2Faehg-laplata.org.ar%2Fnueva%2Fla-aehg-la-plata-acompano-una-nueva-inversion-gastronomica-en-la-ciudad-de-la-plata-atalaya-inauguro-una-sucursal-que-reafirma-el-crecimiento-y-desarrollo-del-sector-en-la-region%2F\" title=\"Tumblr\"><i class=\"socials-item-icon tumblr\"><\/i><\/a> <a class=\"socials-item\" target=\"_blank\" href=\"https:\/\/www.linkedin.com\/shareArticle?mini=true&#038;url=https%3A%2F%2Faehg-laplata.org.ar%2Fnueva%2Fla-aehg-la-plata-acompano-una-nueva-inversion-gastronomica-en-la-ciudad-de-la-plata-atalaya-inauguro-una-sucursal-que-reafirma-el-crecimiento-y-desarrollo-del-sector-en-la-region%2F&#038;title=La+AEHG+La+Plata+acompa%C3%B1%C3%B3+una+nueva+inversi%C3%B3n+gastron%C3%B3mica+en+la+ciudad+de+La+Plata%3A+Atalaya+inaugur%C3%B3+una+sucursal+que+reafirma+el+crecimiento+y+desarrollo+del+sector+en+la+regi%C3%B3n&amp;summary=%5Bvc_row%5D%5Bvc_column%5D%5Bvc_column_text%5D+La+AEHG+La+Plata+acompa%C3%B1%C3%B3+una+nueva+inversi%C3%B3n+gastron%C3%B3mica+en+la+ciudad+de+La+Plata%3A+Atalaya+inaugur%C3%B3+una+sucursal...\" title=\"LinkedIn\"><i class=\"socials-item-icon linkedin\"><\/i><\/a> <a class=\"socials-item\" target=\"_blank\" href=\"https:\/\/www.reddit.com\/submit?url=https%3A%2F%2Faehg-laplata.org.ar%2Fnueva%2Fla-aehg-la-plata-acompano-una-nueva-inversion-gastronomica-en-la-ciudad-de-la-plata-atalaya-inauguro-una-sucursal-que-reafirma-el-crecimiento-y-desarrollo-del-sector-en-la-region%2F&#038;title=La+AEHG+La+Plata+acompa%C3%B1%C3%B3+una+nueva+inversi%C3%B3n+gastron%C3%B3mica+en+la+ciudad+de+La+Plata%3A+Atalaya+inaugur%C3%B3+una+sucursal+que+reafirma+el+crecimiento+y+desarrollo+del+sector+en+la+regi%C3%B3n\" title=\"Reddit\"><i class=\"socials-item-icon reddit\"><\/i><\/a>\n<\/div>\n<svg class=\"sharing-styled-arrow\"><use xlink:href=\"https:\/\/aehg-laplata.org.ar\/nueva\/wp-content\/themes\/thegem\/css\/post-arrow.svg#dec-post-arrow\"><\/use><\/svg><\/div><\/div> <div class=\"post-read-more\"><div class=\"gem-button-container gem-button-position-inline thegem-button-69f57073686283391\" ><a class=\"gem-button gem-button-size-tiny gem-button-style-outline gem-button-text-weight-normal gem-button-border-2\" style=\"border-radius: 3px;\" onmouseleave=\"\" onmouseenter=\"\" href=\"https:\/\/aehg-laplata.org.ar\/nueva\/la-aehg-la-plata-acompano-una-nueva-inversion-gastronomica-en-la-ciudad-de-la-plata-atalaya-inauguro-una-sucursal-que-reafirma-el-crecimiento-y-desarrollo-del-sector-en-la-region\/\" target=\"_self\">Leer M\u00e1s<\/a><\/div> <\/div> <\/div> <\/div> <\/div> <\/div> <\/div>\n<\/article><!-- #post-2767 -->\n<\/div><\/div>\t<div class=\"gem-pagination\"><div class=\"gem-pagination-links\"> <span aria-current=\"page\" class=\"page-numbers current\">1<\/span>\n<a class=\"page-numbers\" href=\"https:\/\/aehg-laplata.org.ar\/nueva\/wp-json\/wp\/v2\/pages\/30\/page\/2\/\">2<\/a>\n<span class=\"page-numbers dots\">&hellip;<\/span>\n<a class=\"page-numbers\" href=\"https:\/\/aehg-laplata.org.ar\/nueva\/wp-json\/wp\/v2\/pages\/30\/page\/45\/\">45<\/a>\n<a class=\"next page-numbers\" href=\"https:\/\/aehg-laplata.org.ar\/nueva\/wp-json\/wp\/v2\/pages\/30\/page\/2\/\"><\/a>\t<\/div><\/div><!-- .pagination --><div class=\"clearboth\"><\/div><div class=\"gem-divider \" style=\"margin-top: 75px;\"><\/div>[\/vc_column][\/vc_row]<\/p>\n","protected":false},"excerpt":{"rendered":"<p>[vc_row][vc_column][\/vc_column][\/vc_row]<\/p>\n","protected":false},"author":1,"featured_media":0,"parent":0,"menu_order":0,"comment_status":"closed","ping_status":"closed","template":"","meta":[],"yoast_head":"<!-- This site is optimized with the Yoast SEO plugin v17.2.1 - https:\/\/yoast.com\/wordpress\/plugins\/seo\/ -->\n<title>Novedades - AEHG La Plata<\/title>\n<meta name=\"robots\" content=\"index, follow, max-snippet:-1, max-image-preview:large, max-video-preview:-1\" \/>\n<link rel=\"canonical\" href=\"https:\/\/aehg-laplata.org.ar\/nueva\/novedades\/\" \/>\n<meta property=\"og:locale\" content=\"es_ES\" \/>\n<meta property=\"og:type\" content=\"article\" \/>\n<meta property=\"og:title\" content=\"Novedades - AEHG La Plata\" \/>\n<meta property=\"og:description\" content=\"[vc_row][vc_column][\/vc_column][\/vc_row]\" \/>\n<meta property=\"og:url\" content=\"https:\/\/aehg-laplata.org.ar\/nueva\/novedades\/\" \/>\n<meta property=\"og:site_name\" content=\"AEHG La Plata\" \/>\n<meta property=\"article:publisher\" content=\"https:\/\/www.facebook.com\/AehgLaPlataOK\/\" \/>\n<meta property=\"article:modified_time\" content=\"2020-09-22T14:11:39+00:00\" \/>\n<meta name=\"twitter:card\" content=\"summary_large_image\" \/>\n<script type=\"application\/ld+json\" class=\"yoast-schema-graph\">{\"@context\":\"https:\/\/schema.org\",\"@graph\":[{\"@type\":\"WebSite\",\"@id\":\"https:\/\/aehg-laplata.org.ar\/nueva\/#website\",\"url\":\"https:\/\/aehg-laplata.org.ar\/nueva\/\",\"name\":\"AEHG La Plata\",\"description\":\"\",\"potentialAction\":[{\"@type\":\"SearchAction\",\"target\":{\"@type\":\"EntryPoint\",\"urlTemplate\":\"https:\/\/aehg-laplata.org.ar\/nueva\/?s={search_term_string}\"},\"query-input\":\"required name=search_term_string\"}],\"inLanguage\":\"es-AR\"},{\"@type\":\"WebPage\",\"@id\":\"https:\/\/aehg-laplata.org.ar\/nueva\/novedades\/#webpage\",\"url\":\"https:\/\/aehg-laplata.org.ar\/nueva\/novedades\/\",\"name\":\"Novedades - AEHG La Plata\",\"isPartOf\":{\"@id\":\"https:\/\/aehg-laplata.org.ar\/nueva\/#website\"},\"datePublished\":\"2020-09-22T13:08:02+00:00\",\"dateModified\":\"2020-09-22T14:11:39+00:00\",\"breadcrumb\":{\"@id\":\"https:\/\/aehg-laplata.org.ar\/nueva\/novedades\/#breadcrumb\"},\"inLanguage\":\"es-AR\",\"potentialAction\":[{\"@type\":\"ReadAction\",\"target\":[\"https:\/\/aehg-laplata.org.ar\/nueva\/novedades\/\"]}]},{\"@type\":\"BreadcrumbList\",\"@id\":\"https:\/\/aehg-laplata.org.ar\/nueva\/novedades\/#breadcrumb\",\"itemListElement\":[{\"@type\":\"ListItem\",\"position\":1,\"name\":\"Inicio\",\"item\":\"https:\/\/aehg-laplata.org.ar\/nueva\/\"},{\"@type\":\"ListItem\",\"position\":2,\"name\":\"Novedades\"}]}]}<\/script>\n<!-- \/ Yoast SEO plugin. -->","yoast_head_json":{"title":"Novedades - AEHG La Plata","robots":{"index":"index","follow":"follow","max-snippet":"max-snippet:-1","max-image-preview":"max-image-preview:large","max-video-preview":"max-video-preview:-1"},"canonical":"https:\/\/aehg-laplata.org.ar\/nueva\/novedades\/","og_locale":"es_ES","og_type":"article","og_title":"Novedades - AEHG La Plata","og_description":"[vc_row][vc_column][\/vc_column][\/vc_row]","og_url":"https:\/\/aehg-laplata.org.ar\/nueva\/novedades\/","og_site_name":"AEHG La Plata","article_publisher":"https:\/\/www.facebook.com\/AehgLaPlataOK\/","article_modified_time":"2020-09-22T14:11:39+00:00","twitter_card":"summary_large_image","schema":{"@context":"https:\/\/schema.org","@graph":[{"@type":"WebSite","@id":"https:\/\/aehg-laplata.org.ar\/nueva\/#website","url":"https:\/\/aehg-laplata.org.ar\/nueva\/","name":"AEHG La Plata","description":"","potentialAction":[{"@type":"SearchAction","target":{"@type":"EntryPoint","urlTemplate":"https:\/\/aehg-laplata.org.ar\/nueva\/?s={search_term_string}"},"query-input":"required name=search_term_string"}],"inLanguage":"es-AR"},{"@type":"WebPage","@id":"https:\/\/aehg-laplata.org.ar\/nueva\/novedades\/#webpage","url":"https:\/\/aehg-laplata.org.ar\/nueva\/novedades\/","name":"Novedades - AEHG La Plata","isPartOf":{"@id":"https:\/\/aehg-laplata.org.ar\/nueva\/#website"},"datePublished":"2020-09-22T13:08:02+00:00","dateModified":"2020-09-22T14:11:39+00:00","breadcrumb":{"@id":"https:\/\/aehg-laplata.org.ar\/nueva\/novedades\/#breadcrumb"},"inLanguage":"es-AR","potentialAction":[{"@type":"ReadAction","target":["https:\/\/aehg-laplata.org.ar\/nueva\/novedades\/"]}]},{"@type":"BreadcrumbList","@id":"https:\/\/aehg-laplata.org.ar\/nueva\/novedades\/#breadcrumb","itemListElement":[{"@type":"ListItem","position":1,"name":"Inicio","item":"https:\/\/aehg-laplata.org.ar\/nueva\/"},{"@type":"ListItem","position":2,"name":"Novedades"}]}]}},"_links":{"self":[{"href":"https:\/\/aehg-laplata.org.ar\/nueva\/wp-json\/wp\/v2\/pages\/30"}],"collection":[{"href":"https:\/\/aehg-laplata.org.ar\/nueva\/wp-json\/wp\/v2\/pages"}],"about":[{"href":"https:\/\/aehg-laplata.org.ar\/nueva\/wp-json\/wp\/v2\/types\/page"}],"author":[{"embeddable":true,"href":"https:\/\/aehg-laplata.org.ar\/nueva\/wp-json\/wp\/v2\/users\/1"}],"replies":[{"embeddable":true,"href":"https:\/\/aehg-laplata.org.ar\/nueva\/wp-json\/wp\/v2\/comments?post=30"}],"version-history":[{"count":15,"href":"https:\/\/aehg-laplata.org.ar\/nueva\/wp-json\/wp\/v2\/pages\/30\/revisions"}],"predecessor-version":[{"id":66,"href":"https:\/\/aehg-laplata.org.ar\/nueva\/wp-json\/wp\/v2\/pages\/30\/revisions\/66"}],"wp:attachment":[{"href":"https:\/\/aehg-laplata.org.ar\/nueva\/wp-json\/wp\/v2\/media?parent=30"}],"curies":[{"name":"wp","href":"https:\/\/api.w.org\/{rel}","templated":true}]}}