{"id":252,"date":"2020-10-06T12:00:27","date_gmt":"2020-10-06T15:00:27","guid":{"rendered":"https:\/\/aehg-laplata.org.ar\/nueva\/?page_id=252"},"modified":"2026-02-24T10:06:47","modified_gmt":"2026-02-24T13:06:47","slug":"escuela-superior","status":"publish","type":"page","link":"https:\/\/aehg-laplata.org.ar\/nueva\/escuela-superior\/","title":{"rendered":"Escuela superior"},"content":{"rendered":"<p>[vc_row full_width=&#8221;stretch_row&#8221; css=&#8221;.vc_custom_1600781837739{background-color: #00205a !important;}&#8221;][vc_column][vc_column_text]<\/p>\n<h1 style=\"text-align: center; color: #ffffff;\">Escuela superior<\/h1>\n<p>[\/vc_column_text][\/vc_column][\/vc_row][vc_row full_width=&#8221;stretch_row_content_no_spaces&#8221; equal_height=&#8221;yes&#8221; content_placement=&#8221;middle&#8221; css=&#8221;.vc_custom_1601744680350{margin-top: 20px !important;margin-bottom: 0px !important;padding-bottom: 0px !important;background-color: #f0f3f2 !important;}&#8221;][vc_column width=&#8221;1\/2&#8243; css_animation=&#8221;bottom-to-top&#8221; css=&#8221;.vc_custom_1604084091085{background-image: url(https:\/\/aehg-laplata.org.ar\/nueva\/wp-content\/uploads\/aehg-escuela-superior-02-1.jpg?id=394) !important;background-position: center !important;background-repeat: no-repeat !important;background-size: cover !important;}&#8221;]<div class=\"clearboth\"><\/div><div class=\"gem-divider \" style=\"margin-top: 300px;\"><\/div>[\/vc_column][vc_column width=&#8221;1\/2&#8243; disable_custom_paddings_tablet=&#8221;true&#8221; disable_custom_paddings_mobile=&#8221;true&#8221; css=&#8221;.vc_custom_1542290229812{padding-right: 110px !important;padding-left: 110px !important;}&#8221;][vc_row_inner][vc_column_inner offset=&#8221;vc_hidden-xs&#8221;]<div class=\"clearboth\"><\/div><div class=\"gem-divider \" style=\"margin-top: 50px;\"><\/div>[\/vc_column_inner][\/vc_row_inner][vc_column_text css_animation=&#8221;bottom-to-top&#8221;]<\/p>\n<h2>Llevamos formaci\u00f3n a 92 localidades de la provincia de Buenos Aires<\/h2>\n<p>[\/vc_column_text]<div class=\"clearboth\"><\/div><div class=\"gem-divider \" style=\"margin-top: 30px;\"><\/div>[vc_column_text]Nuestra Escuela Superior fue creada en 1994, con el objetivo de contribuir a la capacitaci\u00f3n de recursos humanos, para poder brindar servicios en la industria hotelera, gastron\u00f3mica, pastelera y tur\u00edstica.[\/vc_column_text]<div class=\"clearboth\"><\/div><div class=\"gem-divider \" style=\"margin-top: 30px;\"><\/div>[\/vc_column][\/vc_row][vc_row full_width=&#8221;stretch_row&#8221; disable_element=&#8221;yes&#8221; css=&#8221;.vc_custom_1604084255521{margin-top: -20px !important;margin-bottom: -20px !important;background-color: #ffffff !important;}&#8221;][vc_column css=&#8221;.vc_custom_1602106015890{margin-top: -40px !important;}&#8221;]<div class=\"gem-button-container gem-button-position-center thegem-button-69ee2358b0c4a1063\" ><a title=\"Cursos de la Escuela Superior\" class=\"gem-button gem-button-size-large gem-button-style-outline gem-button-text-weight-normal gem-button-border-2\" style=\"border-radius: 10px;border-color: #3c3950;color: #3c3950;\" onmouseleave=\"this.style.borderColor='#3c3950';this.style.backgroundColor='transparent';this.style.color='#3c3950';\" onmouseenter=\"this.style.borderColor='#3c3950';this.style.backgroundColor='#3c3950';this.style.color='#ffffff';\" href=\"\/nueva\/escuela-superior\/#cursos\" target=\"_self\">Capacitaciones<\/a><\/div> [\/vc_column][\/vc_row][vc_row full_width=&#8221;stretch_row&#8221; css=&#8221;.vc_custom_1602105821265{margin-top: 40px !important;background-color: #00205a !important;}&#8221;][vc_column][vc_column_text]<\/p>\n<h2 style=\"text-align: center; color: #ffffff;\">Capacitaci\u00f3n y formaci\u00f3n destinada a actores del sector<\/h2>\n<p>[\/vc_column_text][vc_column_text]<\/p>\n<div class=\"styled-subtitle\" style=\"text-align: center; color: #ffffff;\">La Escuela Superior de AEHG La Plata brinda, a trav\u00e9s de cada municipio y en conjunto con FEHGRA, cursos cortos de gastronom\u00eda y pasteler\u00eda y de servicios tur\u00edsticos.<\/div>\n<p>[\/vc_column_text]<div class=\"clearboth\"><\/div><div class=\"gem-divider \" style=\"margin-top: 30px;\"><\/div>[\/vc_column][\/vc_row][vc_row full_width=&#8221;stretch_row_content_no_spaces&#8221; equal_height=&#8221;yes&#8221; content_placement=&#8221;middle&#8221; css=&#8221;.vc_custom_1601744680350{margin-top: 20px !important;margin-bottom: 0px !important;padding-bottom: 0px !important;background-color: #f0f3f2 !important;}&#8221;][vc_column width=&#8221;1\/2&#8243; css_animation=&#8221;bottom-to-top&#8221; css=&#8221;.vc_custom_1601996734301{background-image: url(https:\/\/aehg-laplata.org.ar\/nueva\/wp-content\/uploads\/aehg-escuela-superior-01.jpg?id=256) !important;background-position: center !important;background-repeat: no-repeat !important;background-size: cover !important;}&#8221;]<div class=\"clearboth\"><\/div><div class=\"gem-divider \" style=\"margin-top: 300px;\"><\/div>[\/vc_column][vc_column width=&#8221;1\/2&#8243; disable_custom_paddings_tablet=&#8221;true&#8221; disable_custom_paddings_mobile=&#8221;true&#8221; css=&#8221;.vc_custom_1542290229812{padding-right: 110px !important;padding-left: 110px !important;}&#8221;][vc_row_inner][vc_column_inner offset=&#8221;vc_hidden-xs&#8221;]<div class=\"clearboth\"><\/div><div class=\"gem-divider \" style=\"margin-top: 10px;\"><\/div>[\/vc_column_inner][\/vc_row_inner][vc_column_text css_animation=&#8221;bottom-to-top&#8221;]<\/p>\n<h2>Propuesta de Formaci\u00f3n<\/h2>\n<p>[\/vc_column_text]<div class=\"clearboth\"><\/div><div class=\"gem-divider \" style=\"margin-top: 30px;\"><\/div>[vc_column_text]Los cursos son de corta duraci\u00f3n y organizados para dar respuestas a requerimientos laborales. Son solicitados por los municipios y alcanzan a todos los dependientes de los establecimientos hoteleros, gastron\u00f3micos y pasteleros. Tambi\u00e9n est\u00e1n abiertos a las personas de los municipios que quieran insertarse en el sector. Son gratuitos, con certificaciones abalados por FEHGRA y coordinados conjuntamente con cada municipio que los solicite.[\/vc_column_text]<div class=\"clearboth\"><\/div><div class=\"gem-divider \" style=\"margin-top: 30px;\"><\/div>[\/vc_column][\/vc_row][vc_row gap=&#8221;35&#8243; equal_height=&#8221;yes&#8221; content_placement=&#8221;middle&#8221; css=&#8221;.vc_custom_1771937874739{margin-top: 20px !important;margin-bottom: 0px !important;padding-bottom: 0px !important;}&#8221;][vc_column width=&#8221;1\/3&#8243; css_animation=&#8221;bottom-to-top&#8221; css=&#8221;.vc_custom_1771937671152{border-top-width: 1px !important;border-right-width: 1px !important;border-bottom-width: 1px !important;border-left-width: 1px !important;background-position: center !important;background-repeat: no-repeat !important;background-size: cover !important;border-left-color: #00205a !important;border-left-style: solid !important;border-right-color: #00205a !important;border-right-style: solid !important;border-top-color: #00205a !important;border-top-style: solid !important;border-bottom-color: #00205a !important;border-bottom-style: solid !important;border-radius: 3px !important;}&#8221;][vc_column_text css_animation=&#8221;bottom-to-top&#8221;]<\/p>\n<h4>Atenci\u00f3n al Cliente y Manejo de Quejas<\/h4>\n<p>[\/vc_column_text]<div class=\"clearboth\"><\/div><div class=\"gem-divider \" style=\"margin-top: 30px;\"><\/div>[vc_column_text]Aprende a transformar un reclamo en una oportunidad de fidelizaci\u00f3n. Este curso se enfoca en entender las expectativas del cliente, brindar un servicio personalizado y dominar t\u00e9cnicas de resoluci\u00f3n de conflictos para garantizar la mejora continua del servicio.[\/vc_column_text]<div class=\"clearboth\"><\/div><div class=\"gem-divider \" style=\"margin-top: 30px;\"><\/div>[\/vc_column][vc_column width=&#8221;1\/3&#8243; disable_custom_paddings_tablet=&#8221;true&#8221; disable_custom_paddings_mobile=&#8221;true&#8221; css=&#8221;.vc_custom_1771937870283{border-top-width: 1px !important;border-right-width: 1px !important;border-bottom-width: 1px !important;border-left-width: 1px !important;border-left-color: #00205a !important;border-left-style: solid !important;border-right-color: #00205a !important;border-right-style: solid !important;border-top-color: #00205a !important;border-top-style: solid !important;border-bottom-color: #00205a !important;border-bottom-style: solid !important;border-radius: 3px !important;}&#8221;][vc_column_text css_animation=&#8221;bottom-to-top&#8221;]<\/p>\n<h4>Barismo Profesional<\/h4>\n<p>[\/vc_column_text]<div class=\"clearboth\"><\/div><div class=\"gem-divider \" style=\"margin-top: 30px;\"><\/div>[vc_column_text]Domina el arte del caf\u00e9 desde el grano hasta la taza. Capacitaci\u00f3n te\u00f3rica y pr\u00e1ctica en la preparaci\u00f3n de espresso, texturizado de leche y Arte Latte. Incluye el manejo t\u00e9cnico de equipamiento especializado y la capacidad de resolver cualquier inconveniente t\u00e9cnico en la barra.[\/vc_column_text]<div class=\"clearboth\"><\/div><div class=\"gem-divider \" style=\"margin-top: 30px;\"><\/div>[\/vc_column][vc_column width=&#8221;1\/3&#8243; css=&#8221;.vc_custom_1771937798032{border-top-width: 1px !important;border-right-width: 1px !important;border-bottom-width: 1px !important;border-left-width: 1px !important;border-left-color: #00205a !important;border-left-style: solid !important;border-right-color: #00205a !important;border-right-style: solid !important;border-top-color: #00205a !important;border-top-style: solid !important;border-bottom-color: #00205a !important;border-bottom-style: solid !important;border-radius: 3px !important;}&#8221;][vc_column_text css_animation=&#8221;bottom-to-top&#8221;]<\/p>\n<h4>Bartender: Actitud y Servicio<\/h4>\n<p>[\/vc_column_text]<div class=\"clearboth\"><\/div><div class=\"gem-divider \" style=\"margin-top: 30px;\"><\/div>[vc_column_text]M\u00e1s all\u00e1 de la mezcla de bebidas, esta formaci\u00f3n profesionaliza el rol del bartender. Se centra en la \u00e9tica de trabajo, la postura profesional y el respeto por el cliente, elevando la calidad del servicio independientemente de la formalidad del establecimiento.[\/vc_column_text]<div class=\"clearboth\"><\/div><div class=\"gem-divider \" style=\"margin-top: 30px;\"><\/div>[\/vc_column][\/vc_row][vc_row gap=&#8221;35&#8243; equal_height=&#8221;yes&#8221; content_placement=&#8221;middle&#8221; css=&#8221;.vc_custom_1771937874739{margin-top: 20px !important;margin-bottom: 0px !important;padding-bottom: 0px !important;}&#8221;][vc_column width=&#8221;1\/3&#8243; css_animation=&#8221;bottom-to-top&#8221; css=&#8221;.vc_custom_1771937671152{border-top-width: 1px !important;border-right-width: 1px !important;border-bottom-width: 1px !important;border-left-width: 1px !important;background-position: center !important;background-repeat: no-repeat !important;background-size: cover !important;border-left-color: #00205a !important;border-left-style: solid !important;border-right-color: #00205a !important;border-right-style: solid !important;border-top-color: #00205a !important;border-top-style: solid !important;border-bottom-color: #00205a !important;border-bottom-style: solid !important;border-radius: 3px !important;}&#8221;][vc_column_text css_animation=&#8221;bottom-to-top&#8221;]<\/p>\n<h4>Buenos Anfitriones Tur\u00edsticos<\/h4>\n<p>[\/vc_column_text]<div class=\"clearboth\"><\/div><div class=\"gem-divider \" style=\"margin-top: 30px;\"><\/div>[vc_column_text]Convertite en el mejor embajador de tu ciudad. Este curso ense\u00f1a a recibir turistas con calidez, diferenciando entre una atenci\u00f3n eficaz y un servicio eficiente, con el objetivo de motivar a los visitantes a explorar y disfrutar al m\u00e1ximo del destino local.[\/vc_column_text]<div class=\"clearboth\"><\/div><div class=\"gem-divider \" style=\"margin-top: 30px;\"><\/div>[\/vc_column][vc_column width=&#8221;1\/3&#8243; disable_custom_paddings_tablet=&#8221;true&#8221; disable_custom_paddings_mobile=&#8221;true&#8221; css=&#8221;.vc_custom_1771937870283{border-top-width: 1px !important;border-right-width: 1px !important;border-bottom-width: 1px !important;border-left-width: 1px !important;border-left-color: #00205a !important;border-left-style: solid !important;border-right-color: #00205a !important;border-right-style: solid !important;border-top-color: #00205a !important;border-top-style: solid !important;border-bottom-color: #00205a !important;border-bottom-style: solid !important;border-radius: 3px !important;}&#8221;][vc_column_text css_animation=&#8221;bottom-to-top&#8221;]<\/p>\n<h4>Marketing Hotelero y Gastron\u00f3mico<\/h4>\n<p>[\/vc_column_text]<div class=\"clearboth\"><\/div><div class=\"gem-divider \" style=\"margin-top: 30px;\"><\/div>[vc_column_text]Herramientas estrat\u00e9gicas para posicionar tu negocio en un mercado competitivo. Al finalizar, ser\u00e1s capaz de analizar a la competencia, dise\u00f1ar procesos de marketing efectivos, fijar precios estrat\u00e9gicos y ejecutar planes de promoci\u00f3n que atraigan a m\u00e1s clientes.[\/vc_column_text]<div class=\"clearboth\"><\/div><div class=\"gem-divider \" style=\"margin-top: 30px;\"><\/div>[\/vc_column][vc_column width=&#8221;1\/3&#8243; css=&#8221;.vc_custom_1771937798032{border-top-width: 1px !important;border-right-width: 1px !important;border-bottom-width: 1px !important;border-left-width: 1px !important;border-left-color: #00205a !important;border-left-style: solid !important;border-right-color: #00205a !important;border-right-style: solid !important;border-top-color: #00205a !important;border-top-style: solid !important;border-bottom-color: #00205a !important;border-bottom-style: solid !important;border-radius: 3px !important;}&#8221;][vc_column_text css_animation=&#8221;bottom-to-top&#8221;]<\/p>\n<h4>Mozos y Camareras (Nivel Inicial)<\/h4>\n<p>[\/vc_column_text]<div class=\"clearboth\"><\/div><div class=\"gem-divider \" style=\"margin-top: 30px;\"><\/div>[vc_column_text]Formaci\u00f3n integral para el sector de Alimentos y Bebidas. Adquir\u00ed las destrezas operativas necesarias para un servicio de mesa impecable en restaurantes, banquetes o room service, manteniendo siempre los m\u00e1s altos est\u00e1ndares de calidad y satisfacci\u00f3n del hu\u00e9sped.[\/vc_column_text]<div class=\"clearboth\"><\/div><div class=\"gem-divider \" style=\"margin-top: 30px;\"><\/div>[\/vc_column][\/vc_row][vc_row disable_element=&#8221;yes&#8221; el_id=&#8221;cursos&#8221;][vc_column][vc_column_text css_animation=&#8221;bottom-to-top&#8221;]<\/p>\n<h2 style=\"text-align: center;\">Cursos<\/h2>\n<p>[\/vc_column_text][vc_tta_accordion][vc_tta_section title=&#8221;CAPACITACIONES&#8221; tab_id=&#8221;1602106181949-e5641e34-f762&#8243;]<div class=\"gem-list\" ><ul>\n<li>Atenci\u00f3n al cliente \/\/ 12 hsde Servicios Tur\u00edstico\u00a012 hs.<\/li>\n<li>Calidad de Servicios Tur\u00edsticos \/\/ 12 hs.<\/li>\n<li>Concientizaci\u00f3n Tur\u00edstica\/\/ 12 hs.<\/li>\n<li>Maitre de Banquetes y Restaurante\/\/ 12 hs.<\/li>\n<li>Manipulaci\u00f3n Higi\u00e9nica de Alimentos \/\/ 12 hs.<\/li>\n<li>Mozos y camareras \u2013 Avanzado \/\/12 hs.<\/li>\n<li>Mozos y camareras \u2013 B\u00e1sico\/\/12 hs.<\/li>\n<li>Quejas y Reclamos \/\/ 8 hs.<\/li>\n<li>Recepci\u00f3n y Conserjer\u00eda \u2013 B\u00e1sico \/\/ 12 hs.<\/li>\n<li>Servicios de Pisos \u2013 Mucamas\/\/12 hs.<\/li>\n<li>Recepci\u00f3n y Conserjer\u00eda \u2013 Avanzado\/\/8 hs.<\/li>\n<\/ul>\n<\/div>[\/vc_tta_section][vc_tta_section title=&#8221;MANDOS MEDIOS Y GERENCIALES&#8221; tab_id=&#8221;1602106182055-0cbb2709-d0a7&#8243;]<div class=\"gem-list\" ><ul>\n<li>Calidad Empresaria del sector Hotelero \u2013 Gastron\u00f3mico \/\/ 12 hs.<\/li>\n<li>Ceremonial y Protocolo \/\/ 12 hs.<\/li>\n<li>Costos para Establecimientos Gastron\u00f3micos\/\/ 12 hs.<\/li>\n<li>Costos para Establecimientos Hoteleros\/\/ 12 hs.<\/li>\n<li>Departamento de Ama de llaves\/\/ 12 hs.<\/li>\n<li>Gesti\u00f3n Hotelera\/\/ 12 hs.<\/li>\n<li>Manejo de los Recursos Humanos para peque\u00f1os hoteles\/\/ 12 hs.<\/li>\n<li>Organizaci\u00f3n de Eventos exitosos en Hoteler\u00eda y Gastronom\u00eda\/\/ 12 hs.<\/li>\n<li>Organizaci\u00f3n y Gesti\u00f3n de Destinos Tur\u00edsticos\/\/ 12 hs.<\/li>\n<li>Plan de Negocios Hotelero\/\/ 12 hs.<\/li>\n<li>Presupuesto Econ\u00f3mico Financiero\/\/ 12 hs.<\/li>\n<li>Revenue Management \u2013 Parte I \/\/ 8 hs.<\/li>\n<li>Revenue Management \u2013 Parte II \/\/8 hs.<\/li>\n<li>Turismo de salud\/\/ 12 hs.<\/li>\n<\/ul>\n<\/div>[\/vc_tta_section][vc_tta_section title=&#8221;SEMINARIO HOTELERO \/ GASTRON\u00d3MICO&#8221; tab_id=&#8221;1602106314882-08ebc0ce-a98f&#8221;][vc_row_inner][vc_column_inner width=&#8221;1\/2&#8243;]<div class=\"gem-list\" ><ul>\n<li>Administraci\u00f3n y Control de Establecimientos de Hospedaje basado en USALI\/\/8 hs.<\/li>\n<li>Asociatividad y Cooperaci\u00f3n en Empresas Hoteleras \u2013 Gastron\u00f3micas \/\/ 8 hs.<\/li>\n<li>Barismo \/\/ 8 hs.<\/li>\n<li>Calidad en Alimentos \u2013 An\u00e1lisis de puntos cr\u00edticos de control (PCC) \/\/ 8 hs.<\/li>\n<li>Campa\u00f1as y Web 2.0 \u2013 Avanzado \/\/ 8 hs.<\/li>\n<li>Campa\u00f1as y Web 2.0 \u2013 B\u00e1sico \/\/ 8 hs.<\/li>\n<li>Catas Corporativas como herramienta de ventas\/\/ 8 hs.<\/li>\n<li>Coaching \/\/ 8 hs.<\/li>\n<li>Cocina Profesional \u2013 Avanzado\/\/ 8 hs.<\/li>\n<li>Cocina Profesional \u2013 B\u00e1sico \/\/ 8 hs.<\/li>\n<li>Cocina Profesional \u2013 Intermedio\/\/ 8 hs.<\/li>\n<li>Cocina Regional Argentina \/\/12 hs.<\/li>\n<li>Competitividad y Rentabilidad en la Empresa Gastron\u00f3mica \/\/ 8 hs.<\/li>\n<li>Competitividad y Rentabilidad en la Empresa Hotelera \/\/8 hs.<\/li>\n<li>Concientizaci\u00f3n de la Enfermedad Cel\u00edaca \/\/ 8 hs.<\/li>\n<li>Dise\u00f1o y Elaboraci\u00f3n de Men\u00fas Saludables \/\/ 8 hs.<\/li>\n<li>Email Marketing y Campa\u00f1as por Internet 8 hs<\/li>\n<li>Enolog\u00eda \/\/ 8 hs.<\/li>\n<li>Escandallado y Control de Carta en Servicios de Restauraci\u00f3n\/\/ 8 hs.<\/li>\n<li>Gesti\u00f3n de Compras y Stock 8 hs.<\/li>\n<li>Ingenier\u00eda de Men\u00fa 8 hs.<\/li>\n<li>Introducci\u00f3n a la Responsabilidad Social Empresaria \/\/ 8 hs.<\/li>\n<li>La satisfacci\u00f3n del turista mediante la calidad, el servicio y el valor \/\/ 8hs.<\/li>\n<\/ul>\n<\/div>[\/vc_column_inner][vc_column_inner width=&#8221;1\/2&#8243;]<div class=\"gem-list\" ><ul>\n<li>Maridaje de T\u00e9 y Caf\u00e9 \/\/ 8 hs.<\/li>\n<li>Marketing Pr\u00e1ctico para Empresas Hotelero \u2013 Gastron\u00f3micas \/\/ 8 hs.<\/li>\n<li>Multiculturalidad y Diversidad en la Gesti\u00f3n de Organizaciones\/\/ 8 hs.<\/li>\n<li>Oratoria \/\/ 8 hs.<\/li>\n<li>Participaci\u00f3n Exitosa en Fiestas Populares \/\/ 8 hs.<\/li>\n<li>Pasteler\u00eda Avanzada \u2013 Parte I \/\/ 8 hs.<\/li>\n<li>Pasteler\u00eda Avanzada \u2013 Parte II \/\/ 8 hs.<\/li>\n<li>Pasteler\u00eda Avanzada \u2013 Parte III \/\/ 8 hs.<\/li>\n<li>Pasteler\u00eda Avanzada \u2013 Parte IV \/\/8 hs.<\/li>\n<li>Primeros Auxilios y Reanimaci\u00f3n Cardio Pulmonar (RCP) \/\/ 8 hs.<\/li>\n<li>Procedimientos Gastron\u00f3micos \/\/ 8 hs.<\/li>\n<li>Productividad del Negocio Hotelero \/\/ 8 hs.<\/li>\n<li>Relaciones P\u00fablicas e Imagen en Hoteler\u00eda y Gastronom\u00eda \/\/ 8 hs.<\/li>\n<li>Seguridad e Higiene en el Sector Hotelero Gastron\u00f3mico \/\/ 8 hs.<\/li>\n<li>Servicios Gastron\u00f3micos \u2013 Compra, Recepci\u00f3n y Almacenamiento de Materias Primas \/\/\u00a0\u00a0 8 hs.<\/li>\n<li>Servicios gastron\u00f3micos: compra, recepci\u00f3n y almacenamiento de materias primas \/\/ 8 hs.<\/li>\n<li>Taller de Estrategias y Acciones comerciales para Hoteles Independientes \/\/ 12hs.<\/li>\n<li>Taller de Gesti\u00f3n Operativa de Filiales \/\/ 8 hs.<\/li>\n<li>T\u00e9cnica de Ventas \u2013 B\u00e1sico \/\/ 8 hs<\/li>\n<li>T\u00e9cnica de Ventas \u2013 Avanzado \/\/ 8 hs.<\/li>\n<li>T\u00e9cnicas de conservaci\u00f3n adecuada de alimentos (congelaci\u00f3n y vac\u00edo) 8 hs<\/li>\n<li>Turismo Accesible \/\/ 8 hs.<\/li>\n<\/ul>\n<\/div>[\/vc_column_inner][\/vc_row_inner][\/vc_tta_section][\/vc_tta_accordion][\/vc_column][\/vc_row][vc_row][vc_column]<div class=\"preloader\"><div class=\"preloader-spin\"><\/div><\/div>\n<div class=\"gallery-preloader-wrapper\"> <div class=\"row\" > <div class=\" gallery-style-masonry gem-gallery-grid col-lg-12 col-md-12 col-sm-12 gallery-items-masonry hover-horizontal-sliding item-animation-move-up fullwidth-columns-4\" data-hover=\"horizontal-sliding\"> <div class=\"fullwidth-block\" > <ul class=\"gallery-set clearfix\" data-max-row-height=\"380\"> <li class=\"gallery-item item-animations-not-inited post-252 page type-page status-publish\"> <div class=\"wrap gem-wrapbox-style-default\"> <div class=\"overlay-wrap\"> <div class=\"image-wrap \"> <picture> <source srcset=\"https:\/\/aehg-laplata.org.ar\/nueva\/wp-content\/uploads\/aehg-galeria-01-01-thegem-gallery-masonry-2x-500.jpg 1x, https:\/\/aehg-laplata.org.ar\/nueva\/wp-content\/uploads\/aehg-galeria-01-01-thegem-gallery-masonry-double.jpg 2x\" media=\"(max-width: 550px)\" sizes=\"100vw\"> <source srcset=\"https:\/\/aehg-laplata.org.ar\/nueva\/wp-content\/uploads\/aehg-galeria-01-01-thegem-gallery-masonry-fullwidth-5x.jpg 1x, https:\/\/aehg-laplata.org.ar\/nueva\/wp-content\/uploads\/aehg-galeria-01-01-thegem-gallery-masonry-double.jpg 2x\" media=\"(max-width: 992px)\" sizes=\"100vw\"> <source srcset=\"https:\/\/aehg-laplata.org.ar\/nueva\/wp-content\/uploads\/aehg-galeria-01-01-thegem-gallery-masonry-4x-small.jpg 1x, https:\/\/aehg-laplata.org.ar\/nueva\/wp-content\/uploads\/aehg-galeria-01-01-thegem-gallery-masonry-double.jpg 2x\" media=\"(max-width: 1032px)\" sizes=\"100vw\"> <source srcset=\"https:\/\/aehg-laplata.org.ar\/nueva\/wp-content\/uploads\/aehg-galeria-01-01-thegem-gallery-masonry-4x.jpg 1x, https:\/\/aehg-laplata.org.ar\/nueva\/wp-content\/uploads\/aehg-galeria-01-01-thegem-gallery-masonry-double.jpg 2x\" media=\"(max-width: 1180px)\" sizes=\"100vw\"> <source srcset=\"https:\/\/aehg-laplata.org.ar\/nueva\/wp-content\/uploads\/aehg-galeria-01-01-thegem-gallery-masonry-5x.jpg 1x, https:\/\/aehg-laplata.org.ar\/nueva\/wp-content\/uploads\/aehg-galeria-01-01-thegem-gallery-masonry-double.jpg 2x\" media=\"(max-width: 1280px)\" sizes=\"100vw\"> <source srcset=\"https:\/\/aehg-laplata.org.ar\/nueva\/wp-content\/uploads\/aehg-galeria-01-01-thegem-gallery-masonry-fullwidth-5x.jpg 1x, https:\/\/aehg-laplata.org.ar\/nueva\/wp-content\/uploads\/aehg-galeria-01-01-thegem-gallery-masonry-double.jpg 2x\" media=\"(max-width: 1495px)\" sizes=\"100vw\"> <source srcset=\"https:\/\/aehg-laplata.org.ar\/nueva\/wp-content\/uploads\/aehg-galeria-01-01-thegem-gallery-masonry-3x.jpg 1x, https:\/\/aehg-laplata.org.ar\/nueva\/wp-content\/uploads\/aehg-galeria-01-01-thegem-gallery-masonry-double.jpg 2x\" media=\"(max-width: 1575px)\" sizes=\"100vw\"> <source srcset=\"https:\/\/aehg-laplata.org.ar\/nueva\/wp-content\/uploads\/aehg-galeria-01-01-thegem-gallery-masonry-fullwidth-4x.jpg 1x, https:\/\/aehg-laplata.org.ar\/nueva\/wp-content\/uploads\/aehg-galeria-01-01-thegem-gallery-masonry-double.jpg 2x\" media=\"(max-width: 1920px)\" sizes=\"100vw\"> <img src=\"https:\/\/aehg-laplata.org.ar\/nueva\/wp-content\/uploads\/aehg-galeria-01-01-thegem-gallery-masonry-100.jpg\" width=\"660\" height=\"660\" class=\"attachment-thegem-gallery-masonry-100\" alt=\"aehg-galer\u00eda-01-01\" \/> <\/picture> <\/div> <div class=\"overlay \"> <div class=\"overlay-circle\"><\/div> <a href=\"https:\/\/aehg-laplata.org.ar\/nueva\/wp-content\/uploads\/aehg-galeria-01-01.jpg\" class=\"gallery-item-link fancy-gallery\" data-fancybox=\"gallery-69ee2358b0dd1\"> <span class=\"slide-info\"> <\/span> <\/a> <div class=\"overlay-content\"> <div class=\"overlay-content-center\"> <div class=\"overlay-content-inner\"> <a href=\"https:\/\/aehg-laplata.org.ar\/nueva\/wp-content\/uploads\/aehg-galeria-01-01.jpg\" class=\"icon photo \" > <\/a> <div class=\"overlay-line\"><\/div> <\/div> <\/div> <\/div> <\/div> <\/div> <\/div> <\/li> <li class=\"gallery-item item-animations-not-inited post-252 page type-page status-publish\"> <div class=\"wrap gem-wrapbox-style-default\"> <div class=\"overlay-wrap\"> <div class=\"image-wrap \"> <picture> <source srcset=\"https:\/\/aehg-laplata.org.ar\/nueva\/wp-content\/uploads\/aehg-galeria-01-02-thegem-gallery-masonry-2x-500.jpg 1x, https:\/\/aehg-laplata.org.ar\/nueva\/wp-content\/uploads\/aehg-galeria-01-02-thegem-gallery-masonry-double.jpg 2x\" media=\"(max-width: 550px)\" sizes=\"100vw\"> <source srcset=\"https:\/\/aehg-laplata.org.ar\/nueva\/wp-content\/uploads\/aehg-galeria-01-02-thegem-gallery-masonry-fullwidth-5x.jpg 1x, https:\/\/aehg-laplata.org.ar\/nueva\/wp-content\/uploads\/aehg-galeria-01-02-thegem-gallery-masonry-double.jpg 2x\" media=\"(max-width: 992px)\" sizes=\"100vw\"> <source srcset=\"https:\/\/aehg-laplata.org.ar\/nueva\/wp-content\/uploads\/aehg-galeria-01-02-thegem-gallery-masonry-4x-small.jpg 1x, https:\/\/aehg-laplata.org.ar\/nueva\/wp-content\/uploads\/aehg-galeria-01-02-thegem-gallery-masonry-double.jpg 2x\" media=\"(max-width: 1032px)\" sizes=\"100vw\"> <source srcset=\"https:\/\/aehg-laplata.org.ar\/nueva\/wp-content\/uploads\/aehg-galeria-01-02-thegem-gallery-masonry-4x.jpg 1x, https:\/\/aehg-laplata.org.ar\/nueva\/wp-content\/uploads\/aehg-galeria-01-02-thegem-gallery-masonry-double.jpg 2x\" media=\"(max-width: 1180px)\" sizes=\"100vw\"> <source srcset=\"https:\/\/aehg-laplata.org.ar\/nueva\/wp-content\/uploads\/aehg-galeria-01-02-thegem-gallery-masonry-5x.jpg 1x, https:\/\/aehg-laplata.org.ar\/nueva\/wp-content\/uploads\/aehg-galeria-01-02-thegem-gallery-masonry-double.jpg 2x\" media=\"(max-width: 1280px)\" sizes=\"100vw\"> <source srcset=\"https:\/\/aehg-laplata.org.ar\/nueva\/wp-content\/uploads\/aehg-galeria-01-02-thegem-gallery-masonry-fullwidth-5x.jpg 1x, https:\/\/aehg-laplata.org.ar\/nueva\/wp-content\/uploads\/aehg-galeria-01-02-thegem-gallery-masonry-double.jpg 2x\" media=\"(max-width: 1495px)\" sizes=\"100vw\"> <source srcset=\"https:\/\/aehg-laplata.org.ar\/nueva\/wp-content\/uploads\/aehg-galeria-01-02-thegem-gallery-masonry-3x.jpg 1x, https:\/\/aehg-laplata.org.ar\/nueva\/wp-content\/uploads\/aehg-galeria-01-02-thegem-gallery-masonry-double.jpg 2x\" media=\"(max-width: 1575px)\" sizes=\"100vw\"> <source srcset=\"https:\/\/aehg-laplata.org.ar\/nueva\/wp-content\/uploads\/aehg-galeria-01-02-thegem-gallery-masonry-fullwidth-4x.jpg 1x, https:\/\/aehg-laplata.org.ar\/nueva\/wp-content\/uploads\/aehg-galeria-01-02-thegem-gallery-masonry-double.jpg 2x\" media=\"(max-width: 1920px)\" sizes=\"100vw\"> <img src=\"https:\/\/aehg-laplata.org.ar\/nueva\/wp-content\/uploads\/aehg-galeria-01-02-thegem-gallery-masonry-100.jpg\" width=\"660\" height=\"660\" class=\"attachment-thegem-gallery-masonry-100\" alt=\"aehg-galer\u00eda-01-02\" \/> <\/picture> <\/div> <div class=\"overlay \"> <div class=\"overlay-circle\"><\/div> <a href=\"https:\/\/aehg-laplata.org.ar\/nueva\/wp-content\/uploads\/aehg-galeria-01-02.jpg\" class=\"gallery-item-link fancy-gallery\" data-fancybox=\"gallery-69ee2358b0dd1\"> <span class=\"slide-info\"> <\/span> <\/a> <div class=\"overlay-content\"> <div class=\"overlay-content-center\"> <div class=\"overlay-content-inner\"> <a href=\"https:\/\/aehg-laplata.org.ar\/nueva\/wp-content\/uploads\/aehg-galeria-01-02.jpg\" class=\"icon photo \" > <\/a> <div class=\"overlay-line\"><\/div> <\/div> <\/div> <\/div> <\/div> <\/div> <\/div> <\/li> <li class=\"gallery-item item-animations-not-inited post-252 page type-page status-publish\"> <div class=\"wrap gem-wrapbox-style-default\"> <div class=\"overlay-wrap\"> <div class=\"image-wrap \"> <picture> <source srcset=\"https:\/\/aehg-laplata.org.ar\/nueva\/wp-content\/uploads\/aehg-galeria-01-03-thegem-gallery-masonry-2x-500.jpg 1x, https:\/\/aehg-laplata.org.ar\/nueva\/wp-content\/uploads\/aehg-galeria-01-03-thegem-gallery-masonry-double.jpg 2x\" media=\"(max-width: 550px)\" sizes=\"100vw\"> <source srcset=\"https:\/\/aehg-laplata.org.ar\/nueva\/wp-content\/uploads\/aehg-galeria-01-03-thegem-gallery-masonry-fullwidth-5x.jpg 1x, https:\/\/aehg-laplata.org.ar\/nueva\/wp-content\/uploads\/aehg-galeria-01-03-thegem-gallery-masonry-double.jpg 2x\" media=\"(max-width: 992px)\" sizes=\"100vw\"> <source srcset=\"https:\/\/aehg-laplata.org.ar\/nueva\/wp-content\/uploads\/aehg-galeria-01-03-thegem-gallery-masonry-4x-small.jpg 1x, https:\/\/aehg-laplata.org.ar\/nueva\/wp-content\/uploads\/aehg-galeria-01-03-thegem-gallery-masonry-double.jpg 2x\" media=\"(max-width: 1032px)\" sizes=\"100vw\"> <source srcset=\"https:\/\/aehg-laplata.org.ar\/nueva\/wp-content\/uploads\/aehg-galeria-01-03-thegem-gallery-masonry-4x.jpg 1x, https:\/\/aehg-laplata.org.ar\/nueva\/wp-content\/uploads\/aehg-galeria-01-03-thegem-gallery-masonry-double.jpg 2x\" media=\"(max-width: 1180px)\" sizes=\"100vw\"> <source srcset=\"https:\/\/aehg-laplata.org.ar\/nueva\/wp-content\/uploads\/aehg-galeria-01-03-thegem-gallery-masonry-5x.jpg 1x, https:\/\/aehg-laplata.org.ar\/nueva\/wp-content\/uploads\/aehg-galeria-01-03-thegem-gallery-masonry-double.jpg 2x\" media=\"(max-width: 1280px)\" sizes=\"100vw\"> <source srcset=\"https:\/\/aehg-laplata.org.ar\/nueva\/wp-content\/uploads\/aehg-galeria-01-03-thegem-gallery-masonry-fullwidth-5x.jpg 1x, https:\/\/aehg-laplata.org.ar\/nueva\/wp-content\/uploads\/aehg-galeria-01-03-thegem-gallery-masonry-double.jpg 2x\" media=\"(max-width: 1495px)\" sizes=\"100vw\"> <source srcset=\"https:\/\/aehg-laplata.org.ar\/nueva\/wp-content\/uploads\/aehg-galeria-01-03-thegem-gallery-masonry-3x.jpg 1x, https:\/\/aehg-laplata.org.ar\/nueva\/wp-content\/uploads\/aehg-galeria-01-03-thegem-gallery-masonry-double.jpg 2x\" media=\"(max-width: 1575px)\" sizes=\"100vw\"> <source srcset=\"https:\/\/aehg-laplata.org.ar\/nueva\/wp-content\/uploads\/aehg-galeria-01-03-thegem-gallery-masonry-fullwidth-4x.jpg 1x, https:\/\/aehg-laplata.org.ar\/nueva\/wp-content\/uploads\/aehg-galeria-01-03-thegem-gallery-masonry-double.jpg 2x\" media=\"(max-width: 1920px)\" sizes=\"100vw\"> <img src=\"https:\/\/aehg-laplata.org.ar\/nueva\/wp-content\/uploads\/aehg-galeria-01-03-thegem-gallery-masonry-100.jpg\" width=\"660\" height=\"660\" class=\"attachment-thegem-gallery-masonry-100\" alt=\"aehg-galer\u00eda-01-03\" \/> <\/picture> <\/div> <div class=\"overlay \"> <div class=\"overlay-circle\"><\/div> <a href=\"https:\/\/aehg-laplata.org.ar\/nueva\/wp-content\/uploads\/aehg-galeria-01-03.jpg\" class=\"gallery-item-link fancy-gallery\" data-fancybox=\"gallery-69ee2358b0dd1\"> <span class=\"slide-info\"> <\/span> <\/a> <div class=\"overlay-content\"> <div class=\"overlay-content-center\"> <div class=\"overlay-content-inner\"> <a href=\"https:\/\/aehg-laplata.org.ar\/nueva\/wp-content\/uploads\/aehg-galeria-01-03.jpg\" class=\"icon photo \" > <\/a> <div class=\"overlay-line\"><\/div> <\/div> <\/div> <\/div> <\/div> <\/div> <\/div> <\/li> <li class=\"gallery-item item-animations-not-inited post-252 page type-page status-publish\"> <div class=\"wrap gem-wrapbox-style-default\"> <div class=\"overlay-wrap\"> <div class=\"image-wrap \"> <picture> <source srcset=\"https:\/\/aehg-laplata.org.ar\/nueva\/wp-content\/uploads\/aehg-galeria-01-04-thegem-gallery-masonry-2x-500.jpg 1x, https:\/\/aehg-laplata.org.ar\/nueva\/wp-content\/uploads\/aehg-galeria-01-04-thegem-gallery-masonry-double.jpg 2x\" media=\"(max-width: 550px)\" sizes=\"100vw\"> <source srcset=\"https:\/\/aehg-laplata.org.ar\/nueva\/wp-content\/uploads\/aehg-galeria-01-04-thegem-gallery-masonry-fullwidth-5x.jpg 1x, https:\/\/aehg-laplata.org.ar\/nueva\/wp-content\/uploads\/aehg-galeria-01-04-thegem-gallery-masonry-double.jpg 2x\" media=\"(max-width: 992px)\" sizes=\"100vw\"> <source srcset=\"https:\/\/aehg-laplata.org.ar\/nueva\/wp-content\/uploads\/aehg-galeria-01-04-thegem-gallery-masonry-4x-small.jpg 1x, https:\/\/aehg-laplata.org.ar\/nueva\/wp-content\/uploads\/aehg-galeria-01-04-thegem-gallery-masonry-double.jpg 2x\" media=\"(max-width: 1032px)\" sizes=\"100vw\"> <source srcset=\"https:\/\/aehg-laplata.org.ar\/nueva\/wp-content\/uploads\/aehg-galeria-01-04-thegem-gallery-masonry-4x.jpg 1x, https:\/\/aehg-laplata.org.ar\/nueva\/wp-content\/uploads\/aehg-galeria-01-04-thegem-gallery-masonry-double.jpg 2x\" media=\"(max-width: 1180px)\" sizes=\"100vw\"> <source srcset=\"https:\/\/aehg-laplata.org.ar\/nueva\/wp-content\/uploads\/aehg-galeria-01-04-thegem-gallery-masonry-5x.jpg 1x, https:\/\/aehg-laplata.org.ar\/nueva\/wp-content\/uploads\/aehg-galeria-01-04-thegem-gallery-masonry-double.jpg 2x\" media=\"(max-width: 1280px)\" sizes=\"100vw\"> <source srcset=\"https:\/\/aehg-laplata.org.ar\/nueva\/wp-content\/uploads\/aehg-galeria-01-04-thegem-gallery-masonry-fullwidth-5x.jpg 1x, https:\/\/aehg-laplata.org.ar\/nueva\/wp-content\/uploads\/aehg-galeria-01-04-thegem-gallery-masonry-double.jpg 2x\" media=\"(max-width: 1495px)\" sizes=\"100vw\"> <source srcset=\"https:\/\/aehg-laplata.org.ar\/nueva\/wp-content\/uploads\/aehg-galeria-01-04-thegem-gallery-masonry-3x.jpg 1x, https:\/\/aehg-laplata.org.ar\/nueva\/wp-content\/uploads\/aehg-galeria-01-04-thegem-gallery-masonry-double.jpg 2x\" media=\"(max-width: 1575px)\" sizes=\"100vw\"> <source srcset=\"https:\/\/aehg-laplata.org.ar\/nueva\/wp-content\/uploads\/aehg-galeria-01-04-thegem-gallery-masonry-fullwidth-4x.jpg 1x, https:\/\/aehg-laplata.org.ar\/nueva\/wp-content\/uploads\/aehg-galeria-01-04-thegem-gallery-masonry-double.jpg 2x\" media=\"(max-width: 1920px)\" sizes=\"100vw\"> <img src=\"https:\/\/aehg-laplata.org.ar\/nueva\/wp-content\/uploads\/aehg-galeria-01-04-thegem-gallery-masonry-100.jpg\" width=\"660\" height=\"660\" class=\"attachment-thegem-gallery-masonry-100\" alt=\"aehg-galer\u00eda-01-04\" \/> <\/picture> <\/div> <div class=\"overlay \"> <div class=\"overlay-circle\"><\/div> <a href=\"https:\/\/aehg-laplata.org.ar\/nueva\/wp-content\/uploads\/aehg-galeria-01-04.jpg\" class=\"gallery-item-link fancy-gallery\" data-fancybox=\"gallery-69ee2358b0dd1\"> <span class=\"slide-info\"> <\/span> <\/a> <div class=\"overlay-content\"> <div class=\"overlay-content-center\"> <div class=\"overlay-content-inner\"> <a href=\"https:\/\/aehg-laplata.org.ar\/nueva\/wp-content\/uploads\/aehg-galeria-01-04.jpg\" class=\"icon photo \" > <\/a> <div class=\"overlay-line\"><\/div> <\/div> <\/div> <\/div> <\/div> <\/div> <\/div> <\/li> <li class=\"gallery-item item-animations-not-inited post-252 page type-page status-publish\"> <div class=\"wrap gem-wrapbox-style-default\"> <div class=\"overlay-wrap\"> <div class=\"image-wrap \"> <picture> <source srcset=\"https:\/\/aehg-laplata.org.ar\/nueva\/wp-content\/uploads\/aehg-galeria-01-05-thegem-gallery-masonry-2x-500.jpg 1x, https:\/\/aehg-laplata.org.ar\/nueva\/wp-content\/uploads\/aehg-galeria-01-05-thegem-gallery-masonry-double.jpg 2x\" media=\"(max-width: 550px)\" sizes=\"100vw\"> <source srcset=\"https:\/\/aehg-laplata.org.ar\/nueva\/wp-content\/uploads\/aehg-galeria-01-05-thegem-gallery-masonry-fullwidth-5x.jpg 1x, https:\/\/aehg-laplata.org.ar\/nueva\/wp-content\/uploads\/aehg-galeria-01-05-thegem-gallery-masonry-double.jpg 2x\" media=\"(max-width: 992px)\" sizes=\"100vw\"> <source srcset=\"https:\/\/aehg-laplata.org.ar\/nueva\/wp-content\/uploads\/aehg-galeria-01-05-thegem-gallery-masonry-4x-small.jpg 1x, https:\/\/aehg-laplata.org.ar\/nueva\/wp-content\/uploads\/aehg-galeria-01-05-thegem-gallery-masonry-double.jpg 2x\" media=\"(max-width: 1032px)\" sizes=\"100vw\"> <source srcset=\"https:\/\/aehg-laplata.org.ar\/nueva\/wp-content\/uploads\/aehg-galeria-01-05-thegem-gallery-masonry-4x.jpg 1x, https:\/\/aehg-laplata.org.ar\/nueva\/wp-content\/uploads\/aehg-galeria-01-05-thegem-gallery-masonry-double.jpg 2x\" media=\"(max-width: 1180px)\" sizes=\"100vw\"> <source srcset=\"https:\/\/aehg-laplata.org.ar\/nueva\/wp-content\/uploads\/aehg-galeria-01-05-thegem-gallery-masonry-5x.jpg 1x, https:\/\/aehg-laplata.org.ar\/nueva\/wp-content\/uploads\/aehg-galeria-01-05-thegem-gallery-masonry-double.jpg 2x\" media=\"(max-width: 1280px)\" sizes=\"100vw\"> <source srcset=\"https:\/\/aehg-laplata.org.ar\/nueva\/wp-content\/uploads\/aehg-galeria-01-05-thegem-gallery-masonry-fullwidth-5x.jpg 1x, https:\/\/aehg-laplata.org.ar\/nueva\/wp-content\/uploads\/aehg-galeria-01-05-thegem-gallery-masonry-double.jpg 2x\" media=\"(max-width: 1495px)\" sizes=\"100vw\"> <source srcset=\"https:\/\/aehg-laplata.org.ar\/nueva\/wp-content\/uploads\/aehg-galeria-01-05-thegem-gallery-masonry-3x.jpg 1x, https:\/\/aehg-laplata.org.ar\/nueva\/wp-content\/uploads\/aehg-galeria-01-05-thegem-gallery-masonry-double.jpg 2x\" media=\"(max-width: 1575px)\" sizes=\"100vw\"> <source srcset=\"https:\/\/aehg-laplata.org.ar\/nueva\/wp-content\/uploads\/aehg-galeria-01-05-thegem-gallery-masonry-fullwidth-4x.jpg 1x, https:\/\/aehg-laplata.org.ar\/nueva\/wp-content\/uploads\/aehg-galeria-01-05-thegem-gallery-masonry-double.jpg 2x\" media=\"(max-width: 1920px)\" sizes=\"100vw\"> <img src=\"https:\/\/aehg-laplata.org.ar\/nueva\/wp-content\/uploads\/aehg-galeria-01-05-thegem-gallery-masonry-100.jpg\" width=\"660\" height=\"660\" class=\"attachment-thegem-gallery-masonry-100\" alt=\"aehg-galer\u00eda-01-05\" \/> <\/picture> <\/div> <div class=\"overlay \"> <div class=\"overlay-circle\"><\/div> <a href=\"https:\/\/aehg-laplata.org.ar\/nueva\/wp-content\/uploads\/aehg-galeria-01-05.jpg\" class=\"gallery-item-link fancy-gallery\" data-fancybox=\"gallery-69ee2358b0dd1\"> <span class=\"slide-info\"> <\/span> <\/a> <div class=\"overlay-content\"> <div class=\"overlay-content-center\"> <div class=\"overlay-content-inner\"> <a href=\"https:\/\/aehg-laplata.org.ar\/nueva\/wp-content\/uploads\/aehg-galeria-01-05.jpg\" class=\"icon photo \" > <\/a> <div class=\"overlay-line\"><\/div> <\/div> <\/div> <\/div> <\/div> <\/div> <\/div> <\/li> <li class=\"gallery-item item-animations-not-inited post-252 page type-page status-publish\"> <div class=\"wrap gem-wrapbox-style-default\"> <div class=\"overlay-wrap\"> <div class=\"image-wrap \"> <picture> <source srcset=\"https:\/\/aehg-laplata.org.ar\/nueva\/wp-content\/uploads\/aehg-galeria-01-06.jpg 1x, https:\/\/aehg-laplata.org.ar\/nueva\/wp-content\/uploads\/aehg-galeria-01-06.jpg 2x\" media=\"(max-width: 550px)\" sizes=\"100vw\"> <source srcset=\"https:\/\/aehg-laplata.org.ar\/nueva\/wp-content\/uploads\/aehg-galeria-01-06-thegem-gallery-masonry-fullwidth-5x.jpg 1x, https:\/\/aehg-laplata.org.ar\/nueva\/wp-content\/uploads\/aehg-galeria-01-06.jpg 2x\" media=\"(max-width: 992px)\" sizes=\"100vw\"> <source srcset=\"https:\/\/aehg-laplata.org.ar\/nueva\/wp-content\/uploads\/aehg-galeria-01-06-thegem-gallery-masonry-4x-small.jpg 1x, https:\/\/aehg-laplata.org.ar\/nueva\/wp-content\/uploads\/aehg-galeria-01-06.jpg 2x\" media=\"(max-width: 1032px)\" sizes=\"100vw\"> <source srcset=\"https:\/\/aehg-laplata.org.ar\/nueva\/wp-content\/uploads\/aehg-galeria-01-06-thegem-gallery-masonry-4x.jpg 1x, https:\/\/aehg-laplata.org.ar\/nueva\/wp-content\/uploads\/aehg-galeria-01-06.jpg 2x\" media=\"(max-width: 1180px)\" sizes=\"100vw\"> <source srcset=\"https:\/\/aehg-laplata.org.ar\/nueva\/wp-content\/uploads\/aehg-galeria-01-06-thegem-gallery-masonry-5x.jpg 1x, https:\/\/aehg-laplata.org.ar\/nueva\/wp-content\/uploads\/aehg-galeria-01-06.jpg 2x\" media=\"(max-width: 1280px)\" sizes=\"100vw\"> <source srcset=\"https:\/\/aehg-laplata.org.ar\/nueva\/wp-content\/uploads\/aehg-galeria-01-06-thegem-gallery-masonry-fullwidth-5x.jpg 1x, https:\/\/aehg-laplata.org.ar\/nueva\/wp-content\/uploads\/aehg-galeria-01-06.jpg 2x\" media=\"(max-width: 1495px)\" sizes=\"100vw\"> <source srcset=\"https:\/\/aehg-laplata.org.ar\/nueva\/wp-content\/uploads\/aehg-galeria-01-06-thegem-gallery-masonry-3x.jpg 1x, https:\/\/aehg-laplata.org.ar\/nueva\/wp-content\/uploads\/aehg-galeria-01-06.jpg 2x\" media=\"(max-width: 1575px)\" sizes=\"100vw\"> <source srcset=\"https:\/\/aehg-laplata.org.ar\/nueva\/wp-content\/uploads\/aehg-galeria-01-06-thegem-gallery-masonry-fullwidth-4x.jpg 1x, https:\/\/aehg-laplata.org.ar\/nueva\/wp-content\/uploads\/aehg-galeria-01-06.jpg 2x\" media=\"(max-width: 1920px)\" sizes=\"100vw\"> <img src=\"https:\/\/aehg-laplata.org.ar\/nueva\/wp-content\/uploads\/aehg-galeria-01-06.jpg\" width=\"540\" height=\"540\" class=\"attachment-thegem-gallery-masonry-100\" alt=\"aehg-galer\u00eda-01-06\" \/> <\/picture> <\/div> <div class=\"overlay \"> <div class=\"overlay-circle\"><\/div> <a href=\"https:\/\/aehg-laplata.org.ar\/nueva\/wp-content\/uploads\/aehg-galeria-01-06.jpg\" class=\"gallery-item-link fancy-gallery\" data-fancybox=\"gallery-69ee2358b0dd1\"> <span class=\"slide-info\"> <\/span> <\/a> <div class=\"overlay-content\"> <div class=\"overlay-content-center\"> <div class=\"overlay-content-inner\"> <a href=\"https:\/\/aehg-laplata.org.ar\/nueva\/wp-content\/uploads\/aehg-galeria-01-06.jpg\" class=\"icon photo \" > <\/a> <div class=\"overlay-line\"><\/div> <\/div> <\/div> <\/div> <\/div> <\/div> <\/div> <\/li> <li class=\"gallery-item item-animations-not-inited post-252 page type-page status-publish\"> <div class=\"wrap gem-wrapbox-style-default\"> <div class=\"overlay-wrap\"> <div class=\"image-wrap \"> <picture> <source srcset=\"https:\/\/aehg-laplata.org.ar\/nueva\/wp-content\/uploads\/aehg-galeria-01-09-thegem-gallery-masonry-2x-500.jpg 1x, https:\/\/aehg-laplata.org.ar\/nueva\/wp-content\/uploads\/aehg-galeria-01-09-thegem-gallery-masonry-double.jpg 2x\" media=\"(max-width: 550px)\" sizes=\"100vw\"> <source srcset=\"https:\/\/aehg-laplata.org.ar\/nueva\/wp-content\/uploads\/aehg-galeria-01-09-thegem-gallery-masonry-fullwidth-5x.jpg 1x, https:\/\/aehg-laplata.org.ar\/nueva\/wp-content\/uploads\/aehg-galeria-01-09-thegem-gallery-masonry-double.jpg 2x\" media=\"(max-width: 992px)\" sizes=\"100vw\"> <source srcset=\"https:\/\/aehg-laplata.org.ar\/nueva\/wp-content\/uploads\/aehg-galeria-01-09-thegem-gallery-masonry-4x-small.jpg 1x, https:\/\/aehg-laplata.org.ar\/nueva\/wp-content\/uploads\/aehg-galeria-01-09-thegem-gallery-masonry-double.jpg 2x\" media=\"(max-width: 1032px)\" sizes=\"100vw\"> <source srcset=\"https:\/\/aehg-laplata.org.ar\/nueva\/wp-content\/uploads\/aehg-galeria-01-09-thegem-gallery-masonry-4x.jpg 1x, https:\/\/aehg-laplata.org.ar\/nueva\/wp-content\/uploads\/aehg-galeria-01-09-thegem-gallery-masonry-double.jpg 2x\" media=\"(max-width: 1180px)\" sizes=\"100vw\"> <source srcset=\"https:\/\/aehg-laplata.org.ar\/nueva\/wp-content\/uploads\/aehg-galeria-01-09-thegem-gallery-masonry-5x.jpg 1x, https:\/\/aehg-laplata.org.ar\/nueva\/wp-content\/uploads\/aehg-galeria-01-09-thegem-gallery-masonry-double.jpg 2x\" media=\"(max-width: 1280px)\" sizes=\"100vw\"> <source srcset=\"https:\/\/aehg-laplata.org.ar\/nueva\/wp-content\/uploads\/aehg-galeria-01-09-thegem-gallery-masonry-fullwidth-5x.jpg 1x, https:\/\/aehg-laplata.org.ar\/nueva\/wp-content\/uploads\/aehg-galeria-01-09-thegem-gallery-masonry-double.jpg 2x\" media=\"(max-width: 1495px)\" sizes=\"100vw\"> <source srcset=\"https:\/\/aehg-laplata.org.ar\/nueva\/wp-content\/uploads\/aehg-galeria-01-09-thegem-gallery-masonry-3x.jpg 1x, https:\/\/aehg-laplata.org.ar\/nueva\/wp-content\/uploads\/aehg-galeria-01-09-thegem-gallery-masonry-double.jpg 2x\" media=\"(max-width: 1575px)\" sizes=\"100vw\"> <source srcset=\"https:\/\/aehg-laplata.org.ar\/nueva\/wp-content\/uploads\/aehg-galeria-01-09-thegem-gallery-masonry-fullwidth-4x.jpg 1x, https:\/\/aehg-laplata.org.ar\/nueva\/wp-content\/uploads\/aehg-galeria-01-09-thegem-gallery-masonry-double.jpg 2x\" media=\"(max-width: 1920px)\" sizes=\"100vw\"> <img src=\"https:\/\/aehg-laplata.org.ar\/nueva\/wp-content\/uploads\/aehg-galeria-01-09-thegem-gallery-masonry-100.jpg\" width=\"660\" height=\"660\" class=\"attachment-thegem-gallery-masonry-100\" alt=\"aehg-galer\u00eda-01-09\" \/> <\/picture> <\/div> <div class=\"overlay \"> <div class=\"overlay-circle\"><\/div> <a href=\"https:\/\/aehg-laplata.org.ar\/nueva\/wp-content\/uploads\/aehg-galeria-01-09.jpg\" class=\"gallery-item-link fancy-gallery\" data-fancybox=\"gallery-69ee2358b0dd1\"> <span class=\"slide-info\"> <\/span> <\/a> <div class=\"overlay-content\"> <div class=\"overlay-content-center\"> <div class=\"overlay-content-inner\"> <a href=\"https:\/\/aehg-laplata.org.ar\/nueva\/wp-content\/uploads\/aehg-galeria-01-09.jpg\" class=\"icon photo \" > <\/a> <div class=\"overlay-line\"><\/div> <\/div> <\/div> <\/div> <\/div> <\/div> <\/div> <\/li> <li class=\"gallery-item item-animations-not-inited post-252 page type-page status-publish\"> <div class=\"wrap gem-wrapbox-style-default\"> <div class=\"overlay-wrap\"> <div class=\"image-wrap \"> <picture> <source srcset=\"https:\/\/aehg-laplata.org.ar\/nueva\/wp-content\/uploads\/aehg-galeria-01-11-thegem-gallery-masonry-2x-500.jpg 1x, https:\/\/aehg-laplata.org.ar\/nueva\/wp-content\/uploads\/aehg-galeria-01-11-thegem-gallery-masonry-double.jpg 2x\" media=\"(max-width: 550px)\" sizes=\"100vw\"> <source srcset=\"https:\/\/aehg-laplata.org.ar\/nueva\/wp-content\/uploads\/aehg-galeria-01-11-thegem-gallery-masonry-fullwidth-5x.jpg 1x, https:\/\/aehg-laplata.org.ar\/nueva\/wp-content\/uploads\/aehg-galeria-01-11-thegem-gallery-masonry-double.jpg 2x\" media=\"(max-width: 992px)\" sizes=\"100vw\"> <source srcset=\"https:\/\/aehg-laplata.org.ar\/nueva\/wp-content\/uploads\/aehg-galeria-01-11-thegem-gallery-masonry-4x-small.jpg 1x, https:\/\/aehg-laplata.org.ar\/nueva\/wp-content\/uploads\/aehg-galeria-01-11-thegem-gallery-masonry-double.jpg 2x\" media=\"(max-width: 1032px)\" sizes=\"100vw\"> <source srcset=\"https:\/\/aehg-laplata.org.ar\/nueva\/wp-content\/uploads\/aehg-galeria-01-11-thegem-gallery-masonry-4x.jpg 1x, https:\/\/aehg-laplata.org.ar\/nueva\/wp-content\/uploads\/aehg-galeria-01-11-thegem-gallery-masonry-double.jpg 2x\" media=\"(max-width: 1180px)\" sizes=\"100vw\"> <source srcset=\"https:\/\/aehg-laplata.org.ar\/nueva\/wp-content\/uploads\/aehg-galeria-01-11-thegem-gallery-masonry-5x.jpg 1x, https:\/\/aehg-laplata.org.ar\/nueva\/wp-content\/uploads\/aehg-galeria-01-11-thegem-gallery-masonry-double.jpg 2x\" media=\"(max-width: 1280px)\" sizes=\"100vw\"> <source srcset=\"https:\/\/aehg-laplata.org.ar\/nueva\/wp-content\/uploads\/aehg-galeria-01-11-thegem-gallery-masonry-fullwidth-5x.jpg 1x, https:\/\/aehg-laplata.org.ar\/nueva\/wp-content\/uploads\/aehg-galeria-01-11-thegem-gallery-masonry-double.jpg 2x\" media=\"(max-width: 1495px)\" sizes=\"100vw\"> <source srcset=\"https:\/\/aehg-laplata.org.ar\/nueva\/wp-content\/uploads\/aehg-galeria-01-11-thegem-gallery-masonry-3x.jpg 1x, https:\/\/aehg-laplata.org.ar\/nueva\/wp-content\/uploads\/aehg-galeria-01-11-thegem-gallery-masonry-double.jpg 2x\" media=\"(max-width: 1575px)\" sizes=\"100vw\"> <source srcset=\"https:\/\/aehg-laplata.org.ar\/nueva\/wp-content\/uploads\/aehg-galeria-01-11-thegem-gallery-masonry-fullwidth-4x.jpg 1x, https:\/\/aehg-laplata.org.ar\/nueva\/wp-content\/uploads\/aehg-galeria-01-11-thegem-gallery-masonry-double.jpg 2x\" media=\"(max-width: 1920px)\" sizes=\"100vw\"> <img src=\"https:\/\/aehg-laplata.org.ar\/nueva\/wp-content\/uploads\/aehg-galeria-01-11-thegem-gallery-masonry-100.jpg\" width=\"660\" height=\"660\" class=\"attachment-thegem-gallery-masonry-100\" alt=\"aehg-galer\u00eda-01-11\" \/> <\/picture> <\/div> <div class=\"overlay \"> <div class=\"overlay-circle\"><\/div> <a href=\"https:\/\/aehg-laplata.org.ar\/nueva\/wp-content\/uploads\/aehg-galeria-01-11.jpg\" class=\"gallery-item-link fancy-gallery\" data-fancybox=\"gallery-69ee2358b0dd1\"> <span class=\"slide-info\"> <\/span> <\/a> <div class=\"overlay-content\"> <div class=\"overlay-content-center\"> <div class=\"overlay-content-inner\"> <a href=\"https:\/\/aehg-laplata.org.ar\/nueva\/wp-content\/uploads\/aehg-galeria-01-11.jpg\" class=\"icon photo \" > <\/a> <div class=\"overlay-line\"><\/div> <\/div> <\/div> <\/div> <\/div> <\/div> <\/div> <\/li> <\/ul> <\/div> <\/div> <\/div> <\/div>[\/vc_column][\/vc_row]<\/p>\n","protected":false},"excerpt":{"rendered":"<p>[vc_row full_width=&#8221;stretch_row&#8221; css=&#8221;.vc_custom_1600781837739{background-color: #00205a !important;}&#8221;][vc_column][vc_column_text] Escuela superior [\/vc_column_text][\/vc_column][\/vc_row][vc_row full_width=&#8221;stretch_row_content_no_spaces&#8221; equal_height=&#8221;yes&#8221; content_placement=&#8221;middle&#8221; css=&#8221;.vc_custom_1601744680350{margin-top: 20px !important;margin-bottom: 0px !important;padding-bottom: 0px !important;background-color: #f0f3f2 !important;}&#8221;][vc_column&#8230;<\/p>\n","protected":false},"author":1,"featured_media":0,"parent":0,"menu_order":0,"comment_status":"closed","ping_status":"closed","template":"","meta":[],"yoast_head":"<!-- This site is optimized with the Yoast SEO plugin v17.2.1 - https:\/\/yoast.com\/wordpress\/plugins\/seo\/ -->\n<title>Escuela superior - AEHG La Plata<\/title>\n<meta name=\"robots\" content=\"index, follow, max-snippet:-1, max-image-preview:large, max-video-preview:-1\" \/>\n<link rel=\"canonical\" href=\"https:\/\/aehg-laplata.org.ar\/nueva\/escuela-superior\/\" \/>\n<meta property=\"og:locale\" content=\"es_ES\" \/>\n<meta property=\"og:type\" content=\"article\" \/>\n<meta property=\"og:title\" content=\"Escuela superior - AEHG La Plata\" \/>\n<meta property=\"og:description\" content=\"[vc_row full_width=&#8221;stretch_row&#8221; css=&#8221;.vc_custom_1600781837739{background-color: #00205a !important;}&#8221;][vc_column][vc_column_text] Escuela superior [\/vc_column_text][\/vc_column][\/vc_row][vc_row full_width=&#8221;stretch_row_content_no_spaces&#8221; equal_height=&#8221;yes&#8221; content_placement=&#8221;middle&#8221; css=&#8221;.vc_custom_1601744680350{margin-top: 20px !important;margin-bottom: 0px !important;padding-bottom: 0px !important;background-color: #f0f3f2 !important;}&#8221;][vc_column...\" \/>\n<meta property=\"og:url\" content=\"https:\/\/aehg-laplata.org.ar\/nueva\/escuela-superior\/\" \/>\n<meta property=\"og:site_name\" content=\"AEHG La Plata\" \/>\n<meta property=\"article:publisher\" content=\"https:\/\/www.facebook.com\/AehgLaPlataOK\/\" \/>\n<meta property=\"article:modified_time\" content=\"2026-02-24T13:06:47+00:00\" \/>\n<meta name=\"twitter:card\" content=\"summary_large_image\" \/>\n<meta name=\"twitter:label1\" content=\"Tiempo de lectura\" \/>\n\t<meta name=\"twitter:data1\" content=\"6 minutos\" \/>\n<script type=\"application\/ld+json\" class=\"yoast-schema-graph\">{\"@context\":\"https:\/\/schema.org\",\"@graph\":[{\"@type\":\"WebSite\",\"@id\":\"https:\/\/aehg-laplata.org.ar\/nueva\/#website\",\"url\":\"https:\/\/aehg-laplata.org.ar\/nueva\/\",\"name\":\"AEHG La Plata\",\"description\":\"\",\"potentialAction\":[{\"@type\":\"SearchAction\",\"target\":{\"@type\":\"EntryPoint\",\"urlTemplate\":\"https:\/\/aehg-laplata.org.ar\/nueva\/?s={search_term_string}\"},\"query-input\":\"required name=search_term_string\"}],\"inLanguage\":\"es-AR\"},{\"@type\":\"WebPage\",\"@id\":\"https:\/\/aehg-laplata.org.ar\/nueva\/escuela-superior\/#webpage\",\"url\":\"https:\/\/aehg-laplata.org.ar\/nueva\/escuela-superior\/\",\"name\":\"Escuela superior - AEHG La Plata\",\"isPartOf\":{\"@id\":\"https:\/\/aehg-laplata.org.ar\/nueva\/#website\"},\"datePublished\":\"2020-10-06T15:00:27+00:00\",\"dateModified\":\"2026-02-24T13:06:47+00:00\",\"breadcrumb\":{\"@id\":\"https:\/\/aehg-laplata.org.ar\/nueva\/escuela-superior\/#breadcrumb\"},\"inLanguage\":\"es-AR\",\"potentialAction\":[{\"@type\":\"ReadAction\",\"target\":[\"https:\/\/aehg-laplata.org.ar\/nueva\/escuela-superior\/\"]}]},{\"@type\":\"BreadcrumbList\",\"@id\":\"https:\/\/aehg-laplata.org.ar\/nueva\/escuela-superior\/#breadcrumb\",\"itemListElement\":[{\"@type\":\"ListItem\",\"position\":1,\"name\":\"Inicio\",\"item\":\"https:\/\/aehg-laplata.org.ar\/nueva\/\"},{\"@type\":\"ListItem\",\"position\":2,\"name\":\"Escuela superior\"}]}]}<\/script>\n<!-- \/ Yoast SEO plugin. -->","yoast_head_json":{"title":"Escuela superior - AEHG La Plata","robots":{"index":"index","follow":"follow","max-snippet":"max-snippet:-1","max-image-preview":"max-image-preview:large","max-video-preview":"max-video-preview:-1"},"canonical":"https:\/\/aehg-laplata.org.ar\/nueva\/escuela-superior\/","og_locale":"es_ES","og_type":"article","og_title":"Escuela superior - AEHG La Plata","og_description":"[vc_row full_width=&#8221;stretch_row&#8221; css=&#8221;.vc_custom_1600781837739{background-color: #00205a !important;}&#8221;][vc_column][vc_column_text] Escuela superior [\/vc_column_text][\/vc_column][\/vc_row][vc_row full_width=&#8221;stretch_row_content_no_spaces&#8221; equal_height=&#8221;yes&#8221; content_placement=&#8221;middle&#8221; css=&#8221;.vc_custom_1601744680350{margin-top: 20px !important;margin-bottom: 0px !important;padding-bottom: 0px !important;background-color: #f0f3f2 !important;}&#8221;][vc_column...","og_url":"https:\/\/aehg-laplata.org.ar\/nueva\/escuela-superior\/","og_site_name":"AEHG La Plata","article_publisher":"https:\/\/www.facebook.com\/AehgLaPlataOK\/","article_modified_time":"2026-02-24T13:06:47+00:00","twitter_card":"summary_large_image","twitter_misc":{"Tiempo de lectura":"6 minutos"},"schema":{"@context":"https:\/\/schema.org","@graph":[{"@type":"WebSite","@id":"https:\/\/aehg-laplata.org.ar\/nueva\/#website","url":"https:\/\/aehg-laplata.org.ar\/nueva\/","name":"AEHG La Plata","description":"","potentialAction":[{"@type":"SearchAction","target":{"@type":"EntryPoint","urlTemplate":"https:\/\/aehg-laplata.org.ar\/nueva\/?s={search_term_string}"},"query-input":"required name=search_term_string"}],"inLanguage":"es-AR"},{"@type":"WebPage","@id":"https:\/\/aehg-laplata.org.ar\/nueva\/escuela-superior\/#webpage","url":"https:\/\/aehg-laplata.org.ar\/nueva\/escuela-superior\/","name":"Escuela superior - AEHG La Plata","isPartOf":{"@id":"https:\/\/aehg-laplata.org.ar\/nueva\/#website"},"datePublished":"2020-10-06T15:00:27+00:00","dateModified":"2026-02-24T13:06:47+00:00","breadcrumb":{"@id":"https:\/\/aehg-laplata.org.ar\/nueva\/escuela-superior\/#breadcrumb"},"inLanguage":"es-AR","potentialAction":[{"@type":"ReadAction","target":["https:\/\/aehg-laplata.org.ar\/nueva\/escuela-superior\/"]}]},{"@type":"BreadcrumbList","@id":"https:\/\/aehg-laplata.org.ar\/nueva\/escuela-superior\/#breadcrumb","itemListElement":[{"@type":"ListItem","position":1,"name":"Inicio","item":"https:\/\/aehg-laplata.org.ar\/nueva\/"},{"@type":"ListItem","position":2,"name":"Escuela superior"}]}]}},"_links":{"self":[{"href":"https:\/\/aehg-laplata.org.ar\/nueva\/wp-json\/wp\/v2\/pages\/252"}],"collection":[{"href":"https:\/\/aehg-laplata.org.ar\/nueva\/wp-json\/wp\/v2\/pages"}],"about":[{"href":"https:\/\/aehg-laplata.org.ar\/nueva\/wp-json\/wp\/v2\/types\/page"}],"author":[{"embeddable":true,"href":"https:\/\/aehg-laplata.org.ar\/nueva\/wp-json\/wp\/v2\/users\/1"}],"replies":[{"embeddable":true,"href":"https:\/\/aehg-laplata.org.ar\/nueva\/wp-json\/wp\/v2\/comments?post=252"}],"version-history":[{"count":27,"href":"https:\/\/aehg-laplata.org.ar\/nueva\/wp-json\/wp\/v2\/pages\/252\/revisions"}],"predecessor-version":[{"id":2698,"href":"https:\/\/aehg-laplata.org.ar\/nueva\/wp-json\/wp\/v2\/pages\/252\/revisions\/2698"}],"wp:attachment":[{"href":"https:\/\/aehg-laplata.org.ar\/nueva\/wp-json\/wp\/v2\/media?parent=252"}],"curies":[{"name":"wp","href":"https:\/\/api.w.org\/{rel}","templated":true}]}}